{"id":82,"date":"2014-03-06T13:59:56","date_gmt":"2014-03-06T13:59:56","guid":{"rendered":"http:\/\/demo.deliciousthemes.com\/patti\/?page_id=82"},"modified":"2023-09-18T17:12:10","modified_gmt":"2023-09-18T15:12:10","slug":"empresa","status":"publish","type":"page","link":"https:\/\/www.essenciales.com\/blog\/empresa\/","title":{"rendered":"Sobre Nosotros"},"content":{"rendered":"<p>[vc_row dt_no_mb=\u00bbno-margin\u00bb bg_color=\u00bb#ffffff\u00bb dt_id=\u00bbhello\u00bb][vc_column][rev_slider_vc alias=\u00bbfullscreen-image-slider\u00bb][\/vc_column][\/vc_row][vc_row dt_no_mb=\u00bbno-margin\u00bb bg_color=\u00bb#fafafa\u00bb dt_padding_top=\u00bb100&#8243; dt_padding_bottom=\u00bb100&#8243; dt_id=\u00bbabout\u00bb bg_image=\u00bb303&#8243; dt_color_opacity=\u00bb80&#8243;][vc_column][vc_row_inner][vc_column_inner]<div class=\"dt-title-wrapper\"><h1 class=\"section-title\">Somos Essenciales<\/h1><\/div><div style=\"clear:both; width:100%; height:60px\"><\/div>[\/vc_column_inner][\/vc_row_inner][vc_row_inner][vc_column_inner width=\u00bb1\/3&#8243; css_animation=\u00bbbottom-to-top\u00bb][vc_column_text]<\/p>\n<h2><strong>ACEITES Y ESENCIAS NATURALES<br \/>\n<\/strong><\/h2>\n<p>En Essenciales ponemos a tu disposici\u00f3n los mejores aceites y esencias naturales, as\u00ed como todo lo que necesites para su uso y disfrute. Asimismo tambi\u00e9n realizamos preparados y mezclas personalizadas para profesionales y empresas.[\/vc_column_text][\/vc_column_inner][vc_column_inner width=\u00bb1\/3&#8243; css_animation=\u00bbbottom-to-top\u00bb][vc_column_text]<\/p>\n<h2><strong>PRODUCTOS ECOL\u00d3GICOS.<\/strong><\/h2>\n<p>Disponemos de aceites producidos de forma ecol\u00f3gica as\u00ed como de productos certificados BIO, distintivo de calidad natural especial.<\/p>\n<p>Nuestras esencias son de cuidada fabricaci\u00f3n nacional; y muchos de los productos que ofrecemos han sido elaborados exclusivamente con materias primas de origen ib\u00e9rico y mediterraneo.[\/vc_column_text][\/vc_column_inner][vc_column_inner width=\u00bb1\/3&#8243; css_animation=\u00bbbottom-to-top\u00bb][vc_column_text]<\/p>\n<h2><strong>RESPONSABLES.<\/strong><\/h2>\n<p>Somos muy conscientes de lo importantes que son tanto la seguridad personal como la medioambiental. Todos nuestros productos cumplen con la estricta normativa sanitaria de la UE y llevan tapones de seguridad homologados.[\/vc_column_text][\/vc_column_inner][\/vc_row_inner][vc_row_inner][vc_column_inner][vc_separator][\/vc_column_inner][\/vc_row_inner][vc_row_inner][vc_column_inner width=\u00bb2\/3&#8243; css_animation=\u00bbbottom-to-top\u00bb][vc_column_text]<\/p>\n<h2><strong>NOSOTROS<br \/>\n<\/strong><\/h2>\n<p>Somos una joven empresa barcelonesa dedicada a la confecci\u00f3n de productos con aceites, esencias y aromas. Sin intermediarios ni procesos que eviten garantizar la m\u00e1xima calidad.<\/p>\n<p>\u00a1Te invitamos a visitar <a href=\"https:\/\/www.essenciales.com\">nuestra tienda online<\/a>![\/vc_column_text][\/vc_column_inner][vc_column_inner width=\u00bb1\/3&#8243;]<div style=\"clear:both; width:100%; height:20px\"><\/div><div class=\"skillbar clearfix \" data-percent=\"100%\"><div class=\"skillbar-title\"><span>Naturales<\/span><\/div><div class=\"skillbar-bar\"><\/div><div class=\"skill-bar-percent\">100%<\/div><\/div><div class=\"skillbar clearfix \" data-percent=\"100%\"><div class=\"skillbar-title\"><span>Seguridad homologada<\/span><\/div><div class=\"skillbar-bar\"><\/div><div class=\"skill-bar-percent\">100%<\/div><\/div><div class=\"skillbar clearfix \" data-percent=\"100%\"><div class=\"skillbar-title\"><span>Calidad contrastada<\/span><\/div><div class=\"skillbar-bar\"><\/div><div class=\"skill-bar-percent\">100%<\/div><\/div>[\/vc_column_inner][\/vc_row_inner][\/vc_column][\/vc_row][vc_row dt_no_mb=\u00bbno-margin\u00bb bg_color=\u00bb#ffffff\u00bb dt_padding_top=\u00bb100&#8243; dt_padding_bottom=\u00bb100&#8243;][vc_column][vc_row_inner][vc_column_inner]<div class=\"dt-title-wrapper\"><h1 class=\"section-title\">Nuestro equipo<\/h1><\/div><h2 class=\"section-tagline\">Sabemos que la pasi\u00f3n es lo esencial...<\/h2>[\/vc_column_inner][\/vc_row_inner]<div style=\"clear:both; width:100%; height:60px\"><\/div>[vc_row_inner][vc_column_inner width=\u00bb1\/3&#8243; css_animation=\u00bbbottom-to-top\u00bb][vc_column_text]<div class=\"team-member\"><a href=\"https:\/\/www.essenciales.com\/blog\/wp-content\/uploads\/2014\/03\/Marisaconpipeta.jpg\" rel=\"prettyPhoto\" title=\"en el Laboratorio\"><span class=\"item-on-hover\"><span class=\"hover-image\"><i class=\"fa fa-search\"><\/i><\/span><\/span><img alt=\"en el Laboratorio\" class=\"lazy grayscale\" data-original=\"https:\/\/www.essenciales.com\/blog\/wp-content\/uploads\/2014\/03\/Marisaconpipeta.jpg\" width=\"450\"  height=\"441\" \/><\/a><div class=\"team-text\"><h3><span>en el Laboratorio<\/span><\/h3><h6>Donde nacen nuestros productos<\/h6><p>Nuestro apasionado equipo de elabora con mimo y esmero cada uno de los productos que ofrecemos con el inestimable asesoramiento de nuestros cooperadores.<\/p><\/div><div class=\"team-social\"><a href=\"mailto:&#105;&#110;&#102;o&#64;&#101;&#115;se&#110;&#99;&#105;a&#108;&#101;&#115;&#46;&#99;&#111;m\"><i class=\"fa fa-envelope\"><\/i><\/a><\/div><\/div>[\/vc_column_text][\/vc_column_inner][vc_column_inner width=\u00bb1\/3&#8243; css_animation=\u00bbbottom-to-top\u00bb][vc_column_text]<div class=\"team-member\"><a href=\"https:\/\/www.essenciales.com\/blog\/wp-content\/uploads\/2014\/03\/coopfisio.jpg\" rel=\"prettyPhoto\" title=\"con los profesionales\"><span class=\"item-on-hover\"><span class=\"hover-image\"><i class=\"fa fa-search\"><\/i><\/span><\/span><img alt=\"con los profesionales\" class=\"lazy grayscale\" data-original=\"https:\/\/www.essenciales.com\/blog\/wp-content\/uploads\/2014\/03\/coopfisio.jpg\" width=\"450\"  height=\"441\" \/><\/a><div class=\"team-text\"><h3><span>con los profesionales<\/span><\/h3><h6>Pruebas, certificaciones y testeo<\/h6><p>Agencias de certificaci\u00f3n, fisioterapeutas, masajistas y otros profesionales del sector nos brindan inestimable colaboraci\u00f3n a la hora de crear nuestros productos.<\/p><\/div><div class=\"team-social\"><\/div><\/div>[\/vc_column_text][\/vc_column_inner][vc_column_inner width=\u00bb1\/3&#8243; css_animation=\u00bbbottom-to-top\u00bb][vc_column_text]<div class=\"team-member\"><a href=\"https:\/\/www.essenciales.com\/blog\/wp-content\/uploads\/2014\/03\/soporte.jpg\" rel=\"prettyPhoto\" title=\"en la atenci\u00f3n al cliente\"><span class=\"item-on-hover\"><span class=\"hover-image\"><i class=\"fa fa-search\"><\/i><\/span><\/span><img alt=\"en la atenci\u00f3n al cliente\" class=\"lazy grayscale\" data-original=\"https:\/\/www.essenciales.com\/blog\/wp-content\/uploads\/2014\/03\/soporte.jpg\" width=\"450\"  height=\"441\" \/><\/a><div class=\"team-text\"><h3><span>en la atenci\u00f3n al cliente<\/span><\/h3><h6>Soporte y atenci\u00f3n al cliente<\/h6><p>Un equipo comercial entregado a satisfacer las necesidades de nuestros clientes y a ofrecer el mejor soporte posible.<\/p><\/div><div class=\"team-social\"><a href=\"mailto:so&#112;&#111;r&#116;e&#64;&#101;s&#115;&#101;n&#99;i&#97;l&#101;&#115;&#46;c&#111;m\"><i class=\"fa fa-envelope\"><\/i><\/a><\/div><\/div>[\/vc_column_text][\/vc_column_inner][\/vc_row_inner][\/vc_column][\/vc_row][vc_row dt_bg_repeat=\u00bbno-repeat\u00bb dt_text_scheme=\u00bbdarker-overlay\u00bb dt_no_mb=\u00bbno-margin\u00bb bg_image=\u00bb269&#8243; bg_color=\u00bb#000000&#8243; dt_color_opacity=\u00bb70&#8243; dt_padding_top=\u00bb100&#8243; dt_padding_bottom=\u00bb100&#8243;][vc_column][vc_row_inner][vc_column_inner]<h2 class=\"parallax-quote\">\"La perfecci\u00f3n se alcanza, no cuando no hay nada m\u00e1s que a\u00f1adir, sino cuando ya no queda nada m\u00e1s que quitar.\"<\/h2><span class=\"quote-author\">ANTOINE DE SAINT-EXUP\u00c9RY<\/span>[\/vc_column_inner][\/vc_row_inner][\/vc_column][\/vc_row][vc_row dt_no_mb=\u00bbno-margin\u00bb bg_color=\u00bb#ffffff\u00bb dt_color_opacity=\u00bb100&#8243; dt_padding_top=\u00bb100&#8243; dt_padding_bottom=\u00bb100&#8243; dt_id=\u00bbwork\u00bb][vc_column][vc_row_inner][vc_column_inner css_animation=\u00bbtop-to-bottom\u00bb]<div class=\"dt-title-wrapper\"><h1 class=\"section-title\">Nuestros productos<\/h1><\/div>[\/vc_column_inner][\/vc_row_inner]<div style=\"clear:both; width:100%; height:60px\"><\/div><section class=\"patti-grid\" id=\"gridwrapper_dbf\" data-token=\"r8ns0\"><section id=\"options\"><ul id=\"filters\" class=\"option-set clearfix\" data-option-key=\"filter\"><li class=\"all-projects\"><a href=\"#filter\" data-option-value=\"*\" class=\"selected active\">Todos<\/a><\/li><li><a href=\"#filter\" data-option-value=\".30\">Aceites Base y Portadores<\/a><\/li><li><a href=\"#filter\" data-option-value=\".34\">BIO<\/a><\/li><li><a href=\"#filter\" data-option-value=\".31\">Envases y accesorios<\/a><\/li><li><a href=\"#filter\" data-option-value=\".29\">Aceites Esenciales<\/a><\/li><li><a href=\"#filter\" data-option-value=\".33\">Esencias<\/a><\/li><li><a href=\"#filter\" data-option-value=\".32\">Hidrolatos<\/a><\/li><\/ul><\/section><div class=\"space\"><\/div><section id=\"portfolio-wrapper\"><ul class=\"portfolio grid isotope grid_dbf\"><li class=\"grid-item dt-project-45 34 32  item-high\"><a href=\"https:\/\/www.essenciales.com\/hidrolatos-aguas-florales\/\"><div class=\"grid-item-on-hover\"><div class=\"grid-text\"><h3>Aguas florales<\/h3><\/div><div><span>BIO, Hidrolatos<\/span><\/div><\/div><img class=\"lazy\" data-original=\"https:\/\/www.essenciales.com\/blog\/wp-content\/uploads\/agua_de_rosas-379x592.jpg\" alt=\"\" \/><\/a><\/li><li class=\"grid-item dt-project-52 34 32  item-small\"><a href=\"https:\/\/www.essenciales.com\/hidrolatos-aguas-florales\/\"><div class=\"grid-item-on-hover\"><div class=\"grid-text\"><h3>Hidrolatos naturales<\/h3><\/div><div><span>BIO, Hidrolatos<\/span><\/div><\/div><img class=\"lazy\" data-original=\"https:\/\/www.essenciales.com\/blog\/wp-content\/uploads\/hidrolatos-379x295.jpg\" alt=\"\" \/><\/a><\/li><li class=\"grid-item dt-project-47 30 34  item-high\"><a href=\"https:\/\/www.essenciales.com\/aceites-primera-presion-frio\/\"><div class=\"grid-item-on-hover\"><div class=\"grid-text\"><h3>Portadores 1\u00aa presi\u00f3n en fr\u00edo<\/h3><\/div><div><span>Aceites Base y Portadores, BIO<\/span><\/div><\/div><img class=\"lazy\" data-original=\"https:\/\/www.essenciales.com\/blog\/wp-content\/uploads\/aguacate-379x592.jpg\" alt=\"\" \/><\/a><\/li><li class=\"grid-item dt-project-445 34 33  item-wide\"><a href=\"https:\/\/www.essenciales.com\/aceites-esenciales-bio\/\"><div class=\"grid-item-on-hover\"><div class=\"grid-text\"><h3>Esencias Bio<\/h3><\/div><div><span>BIO, Esencias<\/span><\/div><\/div><img class=\"lazy\" data-original=\"https:\/\/www.essenciales.com\/blog\/wp-content\/uploads\/esencias_aromaterapia-762x592.jpg\" alt=\"\" \/><\/a><\/li><li class=\"grid-item dt-project-426 29  item-long\"><a href=\"https:\/\/www.essenciales.com\/aceites-esenciales-puros\/\"><div class=\"grid-item-on-hover\"><div class=\"grid-text\"><h3>Esenciales 100% Naturales<\/h3><\/div><div><span>Aceites Esenciales<\/span><\/div><\/div><img class=\"lazy\" data-original=\"https:\/\/www.essenciales.com\/blog\/wp-content\/uploads\/essencial_lavanda-762x295.png\" alt=\"\" \/><\/a><\/li><li class=\"grid-item dt-project-60 31  item-long\"><a href=\"https:\/\/www.essenciales.com\/envases-accesorios\/\"><div class=\"grid-item-on-hover\"><div class=\"grid-text\"><h3>Dosificadores especiales<\/h3><\/div><div><span>Envases y accesorios<\/span><\/div><\/div><img class=\"lazy\" data-original=\"https:\/\/www.essenciales.com\/blog\/wp-content\/uploads\/dosificador_aceites-762x295.jpg\" alt=\"\" \/><\/a><\/li><li class=\"grid-item dt-project-54 31  item-small\"><a href=\"https:\/\/www.essenciales.com\/envases-accesorios\/\"><div class=\"grid-item-on-hover\"><div class=\"grid-text\"><h3>Botellas<\/h3><\/div><div><span>Envases y accesorios<\/span><\/div><\/div><img class=\"lazy\" data-original=\"https:\/\/www.essenciales.com\/blog\/wp-content\/uploads\/100-ml-amber-bottles-379x295.jpg\" alt=\"\" \/><\/a><\/li><li class=\"grid-item dt-project-430 29 34  item-wide\"><a href=\"https:\/\/www.essenciales.com\/aceites-esenciales-bio\/\"><div class=\"grid-item-on-hover\"><div class=\"grid-text\"><h3>Certificados Bio<\/h3><\/div><div><span>Aceites Esenciales, BIO<\/span><\/div><\/div><img class=\"lazy\" data-original=\"https:\/\/www.essenciales.com\/blog\/wp-content\/uploads\/aromaterapia-762x592.jpg\" alt=\"\" \/><\/a><\/li><li class=\"grid-item dt-project-56 30 34  item-high\"><a href=\"https:\/\/www.essenciales.com\/aceites-bio\/\"><div class=\"grid-item-on-hover\"><div class=\"grid-text\"><h3>Aceites Portadores Bio<\/h3><\/div><div><span>Aceites Base y Portadores, BIO<\/span><\/div><\/div><img class=\"lazy\" data-original=\"https:\/\/www.essenciales.com\/blog\/wp-content\/uploads\/aceite_almendras-379x592.jpg\" alt=\"\" \/><\/a><\/li><\/ul><\/section><\/section><div class=\"space\"><\/div>[\/vc_column][\/vc_row][vc_row dt_no_mb=\u00bbno-margin\u00bb bg_color=\u00bb#ffffff\u00bb dt_color_opacity=\u00bb100&#8243; dt_padding_bottom=\u00bb100&#8243;][vc_column]<div class=\"dt-title-wrapper\"><h1 class=\"section-title\">Datos interesantes<\/h1><\/div><div style=\"clear:both; width:100%; height:60px\"><\/div>[vc_row_inner][vc_column_inner width=\u00bb1\/4&#8243;]<div class=\"counter-wrapper\"><div class=\"counter-item no-border\"><span class=\"counter-number\" data-decimals=\"0\" data-from=\"1\" data-to=\"47\" data-speed=\"2000\"><\/span><span class=\"counter-text\">Bases<\/span><\/div><div class=\"clear\"><\/div><\/div>[\/vc_column_inner][vc_column_inner width=\u00bb1\/4&#8243;]<div class=\"counter-wrapper\"><div class=\"counter-item with-border\"><span class=\"counter-number\" data-decimals=\"0\" data-from=\"1\" data-to=\"130\" data-speed=\"2000\"><\/span><span class=\"counter-text\">Aceites catalogados<\/span><\/div><div class=\"clear\"><\/div><\/div>[\/vc_column_inner][vc_column_inner width=\u00bb1\/4&#8243;]<div class=\"counter-wrapper\"><div class=\"counter-item with-border\"><span class=\"counter-number\" data-decimals=\"0\" data-from=\"1\" data-to=\"109\" data-speed=\"2000\"><\/span><span class=\"counter-text\">Productos ecol\u00f3gicos<\/span><\/div><div class=\"clear\"><\/div><\/div>[\/vc_column_inner][vc_column_inner width=\u00bb1\/4&#8243;]<div class=\"counter-wrapper\"><div class=\"counter-item with-border\"><span class=\"counter-number\" data-decimals=\"0\" data-from=\"1\" data-to=\"32\" data-speed=\"2000\"><\/span><span class=\"counter-text\">Hidrolatos<\/span><\/div><div class=\"clear\"><\/div><\/div>[\/vc_column_inner][\/vc_row_inner][\/vc_column][\/vc_row][vc_row dt_no_mb=\u00bbno-margin\u00bb bg_image=\u00bb303&#8243; bg_color=\u00bb#ffffff\u00bb dt_color_opacity=\u00bb70&#8243; dt_padding_top=\u00bb100&#8243; dt_padding_bottom=\u00bb100&#8243; dt_id=\u00bbservices\u00bb][vc_column][vc_row_inner][vc_column_inner css_animation=\u00bbbottom-to-top\u00bb]<div class=\"dt-title-wrapper\"><h1 class=\"section-title\">Servicios<\/h1><\/div><div style=\"clear:both; width:100%; height:60px\"><\/div><div class=\"homepage-services\"><div class=\"dt-service-wrapper ser-32\"><div class=\"dt-service-item\"><i class=\"fa fa-eyedropper\"><\/i><h3 class=\"service-title\">Personalizados<\/h3><\/div><div class=\"dt-service-hover\"><i class=\"fa fa-eyedropper\"><\/i><h3>Personalizados<\/h3><p>Si eres un profesional o un distribuidor podemos realizar los preparados y productos personalizados que necesites para tu negocio.\r\n\r\n\u00a1Ll\u00e1manos ahora, queremos trabajar contigo!<\/p><\/div><\/div><div class=\"dt-service-wrapper ser-31\"><div class=\"dt-service-item\"><i class=\"fa fa-pagelines\"><\/i><h3 class=\"service-title\">Productos Bio<\/h3><\/div><div class=\"dt-service-hover\"><i class=\"fa fa-pagelines\"><\/i><h3>Productos Bio<\/h3><p>Disponemos de una cuidada selecci\u00f3n de productos ecol\u00f3gicos BIO para tu disfrute y tranquilidad. <\/p><\/div><\/div><div class=\"dt-service-wrapper ser-30\"><div class=\"dt-service-item\"><i class=\"fa fa-shopping-cart\"><\/i><h3 class=\"service-title\">Tienda Online<\/h3><\/div><div class=\"dt-service-hover\"><i class=\"fa fa-shopping-cart\"><\/i><h3>Tienda Online<\/h3><p>Puedes comprar nuestros productos online en nuestra tienda ESSENCIALES.COM<\/p><\/div><\/div><div class=\"dt-service-wrapper ser-29\"><div class=\"dt-service-item\"><i class=\"fa fa-globe\"><\/i><h3 class=\"service-title\">Exportamos<\/h3><\/div><div class=\"dt-service-hover\"><i class=\"fa fa-globe\"><\/i><h3>Exportamos<\/h3><p>Vendemos por todo el mundo. \u00bfNecesitas importar para tu negocio?  H\u00e1blanos de tu proyecto. \u00a1Queremos escucharte!<\/p><\/div><\/div><div class=\"dt-service-wrapper ser-28\"><div class=\"dt-service-item\"><i class=\"fa fa-truck\"><\/i><h3 class=\"service-title\">Entrega en 48h<\/h3><\/div><div class=\"dt-service-hover\"><i class=\"fa fa-truck\"><\/i><h3>Entrega en 48h<\/h3><p>Nuestros productos en stock son entregados a domicilio en 48h (pen\u00ednsula) v\u00eda mensajer\u00eda profesional, con email y aviso SMS incluido.<\/p><\/div><\/div><\/div>[\/vc_column_inner][\/vc_row_inner][\/vc_column][\/vc_row][vc_row dt_no_mb=\u00bbno-margin\u00bb bg_color=\u00bb#ffffff\u00bb dt_color_opacity=\u00bb100&#8243; dt_padding_top=\u00bb100&#8243; dt_padding_bottom=\u00bb100&#8243; dt_id=\u00bbblog\u00bb][vc_column][vc_row_inner][vc_column_inner]<div class=\"dt-title-wrapper\"><h1 class=\"section-title\">Art\u00edculos Blog Essenciales<\/h1><\/div><div style=\"clear:both; width:100%; height:60px\"><\/div>[\/vc_column_inner][\/vc_row_inner][vc_row_inner][vc_column_inner]<div class=\"blog-page\"><section class=\"blog-masonry vc_blog_shortcode on-three-columns isotope\">\n<article id=\"post-2372\" class=\"post post-masonry post-2372 type-post status-publish format-standard has-post-thumbnail hentry category-aceites category-aromaterapia-2 category-beneficios\">\n\n\t\t\t\t\t<div class=\"post-thumbnail\">\n\t\t\t\t\t<a href=\"https:\/\/www.essenciales.com\/blog\/aromas-que-despiertan-emociones-guia-sensorial-del-amor-y-la-conexion\/\">\n\t\t\t\t\t\t<span class=\"item-on-hover\"><span class=\"hover-link\"><i class=\"fa fa-external-link\"><\/i><\/span><\/span>\n\t\t\t\t\t\t<img width=\"780\" height=\"289\" src=\"https:\/\/www.essenciales.com\/blog\/wp-content\/uploads\/aromas-que-despiertan-emociones-780x289.png\" class=\"attachment-blog-thumb size-blog-thumb wp-post-image\" alt=\"\" decoding=\"async\" loading=\"lazy\" srcset=\"https:\/\/www.essenciales.com\/blog\/wp-content\/uploads\/aromas-que-despiertan-emociones-780x289.png 780w, https:\/\/www.essenciales.com\/blog\/wp-content\/uploads\/aromas-que-despiertan-emociones-300x111.png 300w, https:\/\/www.essenciales.com\/blog\/wp-content\/uploads\/aromas-que-despiertan-emociones.png 851w\" sizes=\"(max-width: 780px) 100vw, 780px\" \/>\t\t\t\t\t<\/a>\n\t\t\t\t<\/div><!--end post-thumbnail-->\t\t\n\t\t\t\t\n\t<div class=\"post-content\">\n\t\t\n\t\t\t\t\t\t<h3 class=\"masonry-title entry-title\">\n\t\t\t\t<a href=\"https:\/\/www.essenciales.com\/blog\/aromas-que-despiertan-emociones-guia-sensorial-del-amor-y-la-conexion\/\" rel=\"bookmark\" title=\"Permanent Link to Aromas que despiertan emociones: gu\u00eda sensorial del amor y la conexi\u00f3n\">Aromas que despiertan emociones: gu\u00eda sensorial del amor y la conexi\u00f3n<\/a>\n\t\t\t<\/h3>\n\t\t\t\t\t\t\n\t\t<span class=\"post-meta\">\n\t\t<i class=\"for-sticky fa fa-exclamation\"><\/i><i class=\"fa fa-pencil\"><\/i>\n\t\t<em class=\"post_date date updated\">23 febrero, 2026<\/em>\t\t<\/span>\t\t\t\n\t\t<div class=\"clear\"><\/div>\n\t\n\t\t<h2 style=\"text-align: center;\"><strong>El poder invisible de los aromas<\/strong><\/h2>\n<p>Bienvenidos un d\u00eda m\u00e1s al blog de Essenciales ,seguro que alguna vez un olor te ha transportado a un recuerdo, una persona o una emoci\u00f3n concreta. No es casualidad.<br \/>\nEl olfato es el \u00fanico sentido que conecta directamente con el sistema l\u00edmbico, la parte del cerebro responsable de las <strong>emociones, la memoria y los v\u00ednculos<\/strong>.<\/p>\n<p>Por eso, los <strong>aceites esenciales<\/strong> son una herramienta tan poderosa cuando hablamos de amor, conexi\u00f3n y bienestar emocional. No solo huelen bien: <strong>nos hacen sentir<\/strong>.<\/p>\n<p>En esta gu\u00eda te contamos c\u00f3mo algunos aromas influyen en el estado de \u00e1nimo y c\u00f3mo usarlos para crear momentos m\u00e1s conscientes y emocionales.<\/p>\n<h3><strong>\ud83c\udf3f<\/strong><strong> Aceites esenciales y emociones: \u00bfc\u00f3mo funcionan?<\/strong><\/h3>\n<p>Cuando inhalamos un aceite esencial, sus mol\u00e9culas arom\u00e1ticas env\u00edan se\u00f1ales al cerebro en cuesti\u00f3n de segundos.<br \/>\nEl resultado puede ser inmediato:<\/p>\n<ul>\n<li>Relajaci\u00f3n<\/li>\n<li>Sensaci\u00f3n de seguridad<\/li>\n<li>Apertura emocional<\/li>\n<li>Energ\u00eda o alegr\u00eda<\/li>\n<\/ul>\n<p>Usarlos de forma consciente nos permite <strong>acompa\u00f1ar lo que sentimos o lo que queremos sentir<\/strong>.<\/p>\n<h3><strong>\ud83d\udc9c<\/strong><strong> Aceites esenciales que despiertan el amor y la conexi\u00f3n<\/strong><\/h3>\n<h4><strong>\ud83c\udf38<\/strong><strong><a href=\"https:\/\/www.essenciales.com\/aceites-esenciales\/aceite-esencial-lavanda.html?_gl=1*1ubltc5*_up*MQ..&amp;gclid=Cj0KCQjwteOaBhDuARIsADBqReik9-jNMBeULGzgI24BCZx81L3cgZ-2N6zXkP35xLb8V4up3S9pKioaAhdnEALw_wcB\"> Lavanda<\/a>: calma y confianza<\/strong><\/h4>\n<p>La lavanda es uno de los aceites m\u00e1s vers\u00e1tiles y queridos. Su aroma suave ayuda a:<\/p>\n<ul>\n<li>Reducir el estr\u00e9s y la ansiedad<\/li>\n<li>Crear sensaci\u00f3n de seguridad<\/li>\n<li>Facilitar conversaciones calmadas y honestas<\/li>\n<\/ul>\n<p>Ideal para momentos de conexi\u00f3n emocional, autocuidado o rituales en pareja donde se busca tranquilidad.<\/p>\n<p><strong>C\u00f3mo usarla<\/strong>:<br \/>\nEn difusor al final del d\u00eda o diluida para un masaje relajante.<\/p>\n<h4><strong>\ud83c\udf39<\/strong><strong><a href=\"https:\/\/www.essenciales.com\/aceites-esenciales\/absoluto-de-rosa-bulgara.html?_gl=1*1ubltc5*_up*MQ..&amp;gclid=Cj0KCQjwteOaBhDuARIsADBqReik9-jNMBeULGzgI24BCZx81L3cgZ-2N6zXkP35xLb8V4up3S9pKioaAhdnEALw_wcB\"> Rosa<\/a>: amor propio y romanticismo<\/strong><\/h4>\n<p>El aceite esencial de rosa es profundamente emocional. Se asocia al:<\/p>\n<ul>\n<li>Amor propio<\/li>\n<li>Sensibilidad y apertura del coraz\u00f3n<\/li>\n<li>Romanticismo y conexi\u00f3n profunda<\/li>\n<\/ul>\n<p>Es perfecto para rituales especiales o momentos en los que quieras mimarte y reconectar contigo.<\/p>\n<p><strong>C\u00f3mo usarla<\/strong>:<br \/>\nUnas gotas en el difusor o mezclada con un aceite vegetal para un ritual personal.<\/p>\n<h4><strong>\ud83c\udf3c<\/strong><strong><a href=\"https:\/\/www.essenciales.com\/aceites-esenciales\/aceite-esencial-de-ylang-ylang.html?_gl=1*1ubltc5*_up*MQ..&amp;gclid=Cj0KCQjwteOaBhDuARIsADBqReik9-jNMBeULGzgI24BCZx81L3cgZ-2N6zXkP35xLb8V4up3S9pKioaAhdnEALw_wcB\"> Ylang Ylang<\/a>: conexi\u00f3n emocional y sensualidad<\/strong><\/h4>\n<p>Su aroma floral, envolvente y ex\u00f3tico invita a bajar el ritmo y a conectar con el cuerpo y las emociones.<\/p>\n<p>Aporta:<\/p>\n<ul>\n<li>Relajaci\u00f3n profunda<\/li>\n<li>Sensaci\u00f3n de bienestar<\/li>\n<li>Clima \u00edntimo y emocionalmente cercano<\/li>\n<\/ul>\n<p><strong>C\u00f3mo usarla<\/strong>:<br \/>\nEn difusor durante una velada especial o en un masaje compartido.<\/p>\n<h4><strong>\ud83c\udf4a<\/strong><strong><a href=\"https:\/\/www.essenciales.com\/aceites-esenciales\/aceite-esencial-naranja.html?_gl=1*7pvcr*_up*MQ..&amp;gclid=Cj0KCQjwteOaBhDuARIsADBqReik9-jNMBeULGzgI24BCZx81L3cgZ-2N6zXkP35xLb8V4up3S9pKioaAhdnEALw_wcB\"> Naranja dulce<\/a>: alegr\u00eda y calidez<\/strong><\/h4>\n<p>La naranja dulce tiene un aroma luminoso que despierta sonrisas.<\/p>\n<p>Es ideal para:<\/p>\n<ul>\n<li>Levantar el \u00e1nimo<\/li>\n<li>Crear ambientes c\u00e1lidos y acogedores<\/li>\n<li>Favorecer la conexi\u00f3n desde la alegr\u00eda<\/li>\n<\/ul>\n<p><strong>C\u00f3mo usarla<\/strong>:<br \/>\nEn difusor durante encuentros, comidas especiales o rituales de autocuidado.<\/p>\n<h3><strong>\u2728<\/strong><strong> Mezclas de aceites esenciales para emociones concretas<\/strong><\/h3>\n<p>Una de las maravillas de la aromaterapia es crear <strong>mezclas personalizadas<\/strong> seg\u00fan lo que necesites sentir.<\/p>\n<h4><strong>\ud83d\udc96<\/strong><strong> Mezcla \u201cAmor y conexi\u00f3n\u201d<\/strong><\/h4>\n<ul>\n<li>Lavanda<\/li>\n<li>Rosa<\/li>\n<li>Ylang Ylang<\/li>\n<\/ul>\n<p>Ideal para momentos \u00edntimos, rituales de pareja o autocuidado emocional.<\/p>\n<h4><strong>\ud83c\udf3f<\/strong><strong> Mezcla \u201cCalma y bienestar\u201d<\/strong><\/h4>\n<ul>\n<li>Lavanda<\/li>\n<li>Naranja dulce<\/li>\n<\/ul>\n<p>Perfecta para bajar revoluciones y crear un ambiente relajado y acogedor.<\/p>\n<h4><strong>\ud83c\udf38<\/strong><strong> Mezcla \u201cAlegr\u00eda consciente\u201d<\/strong><\/h4>\n<ul>\n<li>Naranja dulce<\/li>\n<li>Ylang Ylang<\/li>\n<\/ul>\n<p>Para elevar el \u00e1nimo y disfrutar del momento presente.<\/p>\n<p>\ud83d\udc49 Puedes usar estas mezclas en un <a href=\"https:\/\/www.essenciales.com\/difusores-aceites-esenciales\/?_gl=1*h0zh81*_up*MQ..&amp;gclid=Cj0KCQjwteOaBhDuARIsADBqReik9-jNMBeULGzgI24BCZx81L3cgZ-2N6zXkP35xLb8V4up3S9pKioaAhdnEALw_wcB\"><strong>difusor de aceites esenciales<\/strong><\/a> o diluirlas siempre en un <a href=\"https:\/\/www.essenciales.com\/aceites\/?_gl=1*h0zh81*_up*MQ..&amp;gclid=Cj0KCQjwteOaBhDuARIsADBqReik9-jNMBeULGzgI24BCZx81L3cgZ-2N6zXkP35xLb8V4up3S9pKioaAhdnEALw_wcB\">aceite vegetal<\/a> si las aplicas sobre la piel.<\/p>\n<h3><strong>\ud83c\udf2c<\/strong><strong>\ufe0f C\u00f3mo integrar la aromaterapia en tu d\u00eda a d\u00eda<\/strong><\/h3>\n<p>No hace falta esperar a una ocasi\u00f3n especial. Los aceites esenciales pueden acompa\u00f1arte en peque\u00f1os momentos:<\/p>\n<ul>\n<li>Al despertar<\/li>\n<li>Durante una pausa consciente<\/li>\n<li>Antes de dormir<\/li>\n<li>En rituales semanales de autocuidado<\/li>\n<\/ul>\n<p>Lo importante es <strong>la intenci\u00f3n<\/strong> con la que los usas.<\/p>\n<h3><strong>\u2764\ufe0f<\/strong><strong> Aromas que conectan desde dentro<\/strong><\/h3>\n<p>El amor y la conexi\u00f3n no siempre empiezan fuera. Muchas veces comienzan cuando bajamos el ritmo, respiramos profundo y nos permitimos sentir.<\/p>\n<p>Los aceites esenciales no prometen magia, pero s\u00ed algo muy valioso: <strong>presencia, calma y consciencia emocional<\/strong>.<\/p>\n<p>Y a veces, eso es justo lo que m\u00e1s necesitamos.<\/p>\n<h2 style=\"text-align: center;\">\u2665Te leo en comentarios\u2665<\/h2>\n \n\t\t\t\n\t\t\t\t<\/div><!--end post-content-->\n\t\n<\/article><!-- #post -->\n<article id=\"post-2369\" class=\"post post-masonry post-2369 type-post status-publish format-standard has-post-thumbnail hentry category-aceites category-aromaterapia-2 category-beneficios category-preparados\">\n\n\t\t\t\t\t<div class=\"post-thumbnail\">\n\t\t\t\t\t<a href=\"https:\/\/www.essenciales.com\/blog\/el-ritual-de-autocuidado-perfecto-para-san-valentin-crea-una-experiencia-de-bienestar-inolvidable\/\">\n\t\t\t\t\t\t<span class=\"item-on-hover\"><span class=\"hover-link\"><i class=\"fa fa-external-link\"><\/i><\/span><\/span>\n\t\t\t\t\t\t<img width=\"780\" height=\"289\" src=\"https:\/\/www.essenciales.com\/blog\/wp-content\/uploads\/san-valentin-780x289.png\" class=\"attachment-blog-thumb size-blog-thumb wp-post-image\" alt=\"\" decoding=\"async\" loading=\"lazy\" srcset=\"https:\/\/www.essenciales.com\/blog\/wp-content\/uploads\/san-valentin-780x289.png 780w, https:\/\/www.essenciales.com\/blog\/wp-content\/uploads\/san-valentin-300x111.png 300w, https:\/\/www.essenciales.com\/blog\/wp-content\/uploads\/san-valentin.png 851w\" sizes=\"(max-width: 780px) 100vw, 780px\" \/>\t\t\t\t\t<\/a>\n\t\t\t\t<\/div><!--end post-thumbnail-->\t\t\n\t\t\t\t\n\t<div class=\"post-content\">\n\t\t\n\t\t\t\t\t\t<h3 class=\"masonry-title entry-title\">\n\t\t\t\t<a href=\"https:\/\/www.essenciales.com\/blog\/el-ritual-de-autocuidado-perfecto-para-san-valentin-crea-una-experiencia-de-bienestar-inolvidable\/\" rel=\"bookmark\" title=\"Permanent Link to El ritual de autocuidado perfecto para San Valent\u00edn: crea una experiencia de bienestar inolvidable\">El ritual de autocuidado perfecto para San Valent\u00edn: crea una experiencia de bienestar inolvidable<\/a>\n\t\t\t<\/h3>\n\t\t\t\t\t\t\n\t\t<span class=\"post-meta\">\n\t\t<i class=\"for-sticky fa fa-exclamation\"><\/i><i class=\"fa fa-pencil\"><\/i>\n\t\t<em class=\"post_date date updated\">9 febrero, 2026<\/em>\t\t<\/span>\t\t\t\n\t\t<div class=\"clear\"><\/div>\n\t\n\t\t<h2 style=\"text-align: center;\"><strong>San Valent\u00edn no va solo de regalos, va de experiencias<\/strong><\/h2>\n<p>Bienvenidos de nuevo al blog de Essenciales. San Valent\u00edn suele asociarse a flores, chocolates o perfumes\u2026 pero cada vez m\u00e1s personas buscan <strong>regalos con significado<\/strong>, momentos que se recuerdan y que conecten de verdad.<\/p>\n<h3>\nY ah\u00ed es donde entra el autocuidado consciente.<\/h3>\n<p>Crear un <strong>ritual de bienestar para San Valent\u00edn<\/strong> es una forma preciosa de regalar tiempo, calma y conexi\u00f3n, ya sea en pareja o contigo misma\/o. No hace falta un spa ni grandes planes: s\u00f3lo intenci\u00f3n, ambiente y los productos adecuados.<\/p>\n<h3>Hoy te cuento <strong>c\u00f3mo crear paso a paso una experiencia sensorial completa en casa<\/strong>, usando aceites esenciales y velas naturales:<\/h3>\n<h4><strong>\ud83c\udf3f<\/strong><strong> Paso 1: prepara el espacio (menos es m\u00e1s)<\/strong><\/h4>\n<p>Antes de empezar cualquier ritual, el entorno lo es todo.<\/p>\n<ul>\n<li>Apaga luces fuertes y apuesta por luz c\u00e1lida<\/li>\n<li>Ordena el espacio (el bienestar empieza por fuera)<\/li>\n<li>Desconecta notificaciones: este momento es solo para disfrutar<\/li>\n<\/ul>\n<p>Un ambiente sencillo y cuidado ayuda a que la mente baje revoluciones y se abra a la experiencia.<\/p>\n<h4><strong>\ud83d\udd6f<\/strong><strong>\ufe0f Paso 2: enciende una vela y marca el inicio del ritual<\/strong><\/h4>\n<p>Las <a href=\"https:\/\/www.essenciales.com\/velas-aromaticas\/?_gl=1*r90r74*_up*MQ..&amp;gclid=Cj0KCQjwteOaBhDuARIsADBqReik9-jNMBeULGzgI24BCZx81L3cgZ-2N6zXkP35xLb8V4up3S9pKioaAhdnEALw_wcB\"><strong>velas naturales<\/strong><\/a> son clave para crear una atm\u00f3sfera \u00edntima y relajante. La luz de una vela tiene un efecto inmediato sobre el sistema nervioso: invita a parar, respirar y estar presente.<\/p>\n<p>\ud83d\udc49 Consejo Essenciales:<br \/>\nEnciende la vela al inicio del ritual y t\u00f3malo como un gesto simb\u00f3lico: \u201ceste es mi momento\u201d.<\/p>\n<p><strong>\ud83c\udf38<\/strong><strong> Paso 3: aromaterapia para conectar con las emociones<\/strong><\/p>\n<p>Los <strong>aceites esenciales<\/strong> son el coraz\u00f3n del ritual. El olfato est\u00e1 directamente conectado con las emociones y la memoria, por eso elegir bien el aroma marca la diferencia.<\/p>\n<p><strong>Aceites esenciales ideales para San Valent\u00edn<\/strong><\/p>\n<ul>\n<li><a href=\"https:\/\/www.essenciales.com\/aceites-esenciales\/aceite-esencial-lavanda.html?_gl=1*13dxlse*_up*MQ..&amp;gclid=Cj0KCQjwteOaBhDuARIsADBqReik9-jNMBeULGzgI24BCZx81L3cgZ-2N6zXkP35xLb8V4up3S9pKioaAhdnEALw_wcB\"><strong>Lavanda<\/strong><\/a>: relaja, calma y ayuda a soltar tensiones<\/li>\n<li><a href=\"https:\/\/www.essenciales.com\/aceites-esenciales\/aceite-esencial-naranja.html?_gl=1*13dxlse*_up*MQ..&amp;gclid=Cj0KCQjwteOaBhDuARIsADBqReik9-jNMBeULGzgI24BCZx81L3cgZ-2N6zXkP35xLb8V4up3S9pKioaAhdnEALw_wcB\"><strong>Naranja dulce<\/strong><\/a>: aporta alegr\u00eda, calidez y optimismo<\/li>\n<li><a href=\"https:\/\/www.essenciales.com\/aceites-esenciales\/aceite-esencial-de-ylang-ylang.html?_gl=1*13dxlse*_up*MQ..&amp;gclid=Cj0KCQjwteOaBhDuARIsADBqReik9-jNMBeULGzgI24BCZx81L3cgZ-2N6zXkP35xLb8V4up3S9pKioaAhdnEALw_wcB\"><strong>Ylang Ylang<\/strong><\/a>: floral, envolvente y asociado a la conexi\u00f3n emocional<\/li>\n<li><a href=\"https:\/\/www.essenciales.com\/aceites-esenciales\/absoluto-de-rosa-bulgara.html?_gl=1*yok9oj*_up*MQ..&amp;gclid=Cj0KCQjwteOaBhDuARIsADBqReik9-jNMBeULGzgI24BCZx81L3cgZ-2N6zXkP35xLb8V4up3S9pKioaAhdnEALw_wcB\"><strong>Rosa<\/strong><\/a>: el aceite del amor propio y la apertura emocional<\/li>\n<\/ul>\n<p>Puedes usarlos de varias formas:<\/p>\n<ul>\n<li>En un <a href=\"https:\/\/www.essenciales.com\/difusores-aceites-esenciales\/?_gl=1*yok9oj*_up*MQ..&amp;gclid=Cj0KCQjwteOaBhDuARIsADBqReik9-jNMBeULGzgI24BCZx81L3cgZ-2N6zXkP35xLb8V4up3S9pKioaAhdnEALw_wcB\"><strong>difusor de aceites esenciales<\/strong><\/a><\/li>\n<li>Diluidos en un <a href=\"https:\/\/www.essenciales.com\/aceites\/?_gl=1*yok9oj*_up*MQ..&amp;gclid=Cj0KCQjwteOaBhDuARIsADBqReik9-jNMBeULGzgI24BCZx81L3cgZ-2N6zXkP35xLb8V4up3S9pKioaAhdnEALw_wcB\">aceite vegetal<\/a> para un <strong>automasaje<\/strong><\/li>\n<li>Aplicando unas gotas en las <a href=\"https:\/\/www.essenciales.com\/envases-accesorios\/botella-roll-on-10ml-pack5.html?_gl=1*14uq799*_up*MQ..&amp;gclid=Cj0KCQjwteOaBhDuARIsADBqReik9-jNMBeULGzgI24BCZx81L3cgZ-2N6zXkP35xLb8V4up3S9pKioaAhdnEALw_wcB\">mu\u00f1ecas con un roll-on<\/a> (siempre bien diluido)<\/li>\n<\/ul>\n<h4><strong>\ud83d\udc86<\/strong><strong> Paso 4: cuidado corporal consciente<\/strong><\/h4>\n<p>El autocuidado tambi\u00e9n es tocar, sentir y escuchar el cuerpo.<\/p>\n<p>Dedica unos minutos a:<\/p>\n<ul>\n<li>Un <strong>automasaje en manos o pies<\/strong><\/li>\n<li>Masaje en pareja para compartir el momento<\/li>\n<li>Respiraciones profundas acompa\u00f1adas del aroma<\/li>\n<\/ul>\n<p>No es la t\u00e9cnica lo importante, sino la atenci\u00f3n que le pongas.<\/p>\n<h4><strong>\ud83c\udfb6<\/strong><strong> Paso 5: crea una experiencia multisensorial<\/strong><\/h4>\n<p>Para que el ritual sea completo, activa m\u00e1s sentidos:<\/p>\n<ul>\n<li><strong>M\u00fasica suave o playlist especial<\/strong> (instrumental, soul, chill, sonidos naturales)<\/li>\n<li>Texturas agradables: una manta, una toalla caliente, ropa c\u00f3moda<\/li>\n<li>Infusi\u00f3n caliente o agua aromatizada<\/li>\n<\/ul>\n<p>Todo suma para crear una experiencia envolvente.<\/p>\n<h3><strong>\ud83c\udf81<\/strong><strong> Ideas de sets de autocuidado para San Valent\u00edn<\/strong><\/h3>\n<p>Si buscas un regalo diferente (o darte un capricho), los <strong>sets de bienestar<\/strong> son una opci\u00f3n perfecta:<\/p>\n<ul>\n<li>Vela natural + aceite esencial relajante<\/li>\n<li><a href=\"https:\/\/www.essenciales.com\/packs-regalo\/pack-equilibrio-y-armonia.html?_gl=1*1y5b7zl*_up*MQ..&amp;gclid=Cj0KCQjwteOaBhDuARIsADBqReik9-jNMBeULGzgI24BCZx81L3cgZ-2N6zXkP35xLb8V4up3S9pKioaAhdnEALw_wcB\">Pack de aceites esenciales<\/a> para emociones<\/li>\n<li>Ritual de aromaterapia para usar en pareja<\/li>\n<\/ul>\n<p>Son regalos que no se consumen en un d\u00eda, sino que acompa\u00f1an durante semanas.<\/p>\n<h4><strong>\u2764\ufe0f<\/strong><strong> Un ritual para compartir\u2026 o para ti<\/strong><\/h4>\n<p>San Valent\u00edn no es solo para parejas. Tambi\u00e9n es una oportunidad para:<\/p>\n<ul>\n<li>Reconectar contigo<\/li>\n<li>Cuidarte sin prisas<\/li>\n<li>Recordarte que el bienestar tambi\u00e9n es una forma de amor<\/li>\n<\/ul>\n<p>Crear un ritual de autocuidado es un acto sencillo, pero poderoso.<\/p>\n<h4><strong>\ud83c\udf3f<\/strong><strong> Regala bienestar, regala presencia<\/strong><\/h4>\n<p>Este San Valent\u00edn, cambia el \u201cqu\u00e9\u201d por el \u201cc\u00f3mo\u201d.<br \/>\nM\u00e1s que un objeto, regala <strong>un momento<\/strong>, una pausa, una experiencia que se sienta.<\/p>\n<p>Porque el autocuidado no es un lujo, es una forma de quererse bien.<\/p>\n<p>&nbsp;<\/p>\n<h2 style=\"text-align: center;\">\u2665Te leo en comentarios \u2665<\/h2>\n<p>&nbsp;<\/p>\n \n\t\t\t\n\t\t\t\t<\/div><!--end post-content-->\n\t\n<\/article><!-- #post -->\n<article id=\"post-2346\" class=\"post post-masonry post-2346 type-post status-publish format-standard has-post-thumbnail hentry category-aceites category-aromaterapia category-invierno\">\n\n\t\t\t\t\t<div class=\"post-thumbnail\">\n\t\t\t\t\t<a href=\"https:\/\/www.essenciales.com\/blog\/arrancar-el-ano-con-calma-rutinas-de-aromaterapia-para-enero\/\">\n\t\t\t\t\t\t<span class=\"item-on-hover\"><span class=\"hover-link\"><i class=\"fa fa-external-link\"><\/i><\/span><\/span>\n\t\t\t\t\t\t<img width=\"780\" height=\"289\" src=\"https:\/\/www.essenciales.com\/blog\/wp-content\/uploads\/Arrancar-el-ano-con-calma-780x289.png\" class=\"attachment-blog-thumb size-blog-thumb wp-post-image\" alt=\"\" decoding=\"async\" loading=\"lazy\" srcset=\"https:\/\/www.essenciales.com\/blog\/wp-content\/uploads\/Arrancar-el-ano-con-calma-780x289.png 780w, https:\/\/www.essenciales.com\/blog\/wp-content\/uploads\/Arrancar-el-ano-con-calma-300x111.png 300w, https:\/\/www.essenciales.com\/blog\/wp-content\/uploads\/Arrancar-el-ano-con-calma.png 851w\" sizes=\"(max-width: 780px) 100vw, 780px\" \/>\t\t\t\t\t<\/a>\n\t\t\t\t<\/div><!--end post-thumbnail-->\t\t\n\t\t\t\t\n\t<div class=\"post-content\">\n\t\t\n\t\t\t\t\t\t<h3 class=\"masonry-title entry-title\">\n\t\t\t\t<a href=\"https:\/\/www.essenciales.com\/blog\/arrancar-el-ano-con-calma-rutinas-de-aromaterapia-para-enero\/\" rel=\"bookmark\" title=\"Permanent Link to Arrancar el a\u00f1o con calma: rutinas de aromaterapia para enero\">Arrancar el a\u00f1o con calma: rutinas de aromaterapia para enero<\/a>\n\t\t\t<\/h3>\n\t\t\t\t\t\t\n\t\t<span class=\"post-meta\">\n\t\t<i class=\"for-sticky fa fa-exclamation\"><\/i><i class=\"fa fa-pencil\"><\/i>\n\t\t<em class=\"post_date date updated\">5 enero, 2026<\/em>\t\t<\/span>\t\t\t\n\t\t<div class=\"clear\"><\/div>\n\t\n\t\t<h2 style=\"text-align: center;\"><strong>Enero: el mes perfecto para volver al equilibrio<\/strong><\/h2>\n<p>Bienvenidos este nuevo a\u00f1o al blog de Essenciales. Despu\u00e9s de las fiestas, todo vuelve poco a poco a su ritmo. Enero es el mes del reinicio: nuevas rutinas, nuevos prop\u00f3sitos y la necesidad de recuperar la calma tras semanas de exceso y movimiento.<br \/>\nPero, en lugar de imponer m\u00e1s obligaciones, este a\u00f1o puedes hacerlo desde otro lugar: <strong>el bienestar<\/strong>.<\/p>\n<p>La <strong>aromaterapia<\/strong> es una forma sencilla y natural de acompa\u00f1ar este proceso. Los aceites esenciales no solo perfuman el ambiente; tambi\u00e9n ayudan a equilibrar las emociones, mejorar la concentraci\u00f3n y devolver la energ\u00eda que el cuerpo necesita para empezar el a\u00f1o en armon\u00eda.<\/p>\n<h3><strong>Aceites esenciales ideales para enero<\/strong><\/h3>\n<p>Al comenzar un nuevo ciclo, nuestro cuerpo pide ligereza, limpieza y serenidad. Estos aceites esenciales pueden ayudarte a encontrar ese punto de equilibrio entre energ\u00eda y calma:<\/p>\n<ul>\n<li><strong><a href=\"https:\/\/www.essenciales.com\/aceites-esenciales\/aceite-esencial-lavanda.html\">Lavanda<\/a>:<\/strong> perfecta para relajar el cuerpo y la mente. Favorece un descanso profundo y reduce el estr\u00e9s.<\/li>\n<li><strong><a href=\"https:\/\/www.essenciales.com\/aceites-esenciales\/aceite-esencial-limon.html\">Lim\u00f3n<\/a>:<\/strong> limpia, estimula y aporta claridad mental. Ideal para arrancar la jornada con vitalidad.<\/li>\n<li><strong><a href=\"https:\/\/www.essenciales.com\/aceites-esenciales\/aceite-esencial-bergamota-extra.html\">Bergamota<\/a>:<\/strong> eleva el \u00e1nimo y alivia la tensi\u00f3n emocional. Su aroma c\u00edtrico y dulce genera sensaci\u00f3n de bienestar inmediato.<\/li>\n<li><strong>Romero:<\/strong> activa la circulaci\u00f3n (<a href=\"https:\/\/www.essenciales.com\/aceites-esenciales\/aceite-esencial-romero-alcanfor.html\">alcanfor<\/a>), mejora la memoria y la concentraci\u00f3n (<a href=\"https:\/\/www.essenciales.com\/aceites-esenciales\/aceite-esencial-de-romero-cineol.html\">cineol<\/a>). Ideal para volver al trabajo o los estudios.<\/li>\n<li><strong><a href=\"https:\/\/www.essenciales.com\/aceites-esenciales\/aceite-esencial-incienso.html\">Incienso<\/a>:<\/strong> ayuda a calmar la respiraci\u00f3n y conectar con la tranquilidad interior. Muy \u00fatil en momentos de meditaci\u00f3n o reflexi\u00f3n.<\/li>\n<\/ul>\n<p>Combinar estos aceites en distintos momentos del d\u00eda puede transformar tu rutina de enero en un ritual de autocuidado.<\/p>\n<h3><strong>C\u00f3mo incorporar la aromaterapia en tu d\u00eda a d\u00eda<\/strong><\/h3>\n<p>No necesitas mucho tiempo ni experiencia. La clave est\u00e1 en convertirlo en un h\u00e1bito breve, pero constante. Aqu\u00ed tienes algunas ideas pr\u00e1cticas para integrar los aromas en tu vida cotidiana.<\/p>\n<h4><strong>Por la ma\u00f1ana: energ\u00eda y claridad<\/strong><\/h4>\n<p>Empieza el d\u00eda con un aroma que despierte cuerpo y mente. A\u00f1ade al <a href=\"https:\/\/www.essenciales.com\/difusores-aceites-esenciales\">difusor<\/a>:<\/p>\n<ul>\n<li>3 gotas de <strong>lim\u00f3n<\/strong><\/li>\n<li>2 gotas de <strong>romero cineol<\/strong><\/li>\n<li>1 gota de <strong>bergamota<\/strong><\/li>\n<\/ul>\n<p>Esta mezcla fresca y c\u00edtrica ayuda a activar la concentraci\u00f3n y mejora el estado de \u00e1nimo desde el primer momento del d\u00eda.<\/p>\n<h4><strong>A media tarde: equilibrio y enfoque<\/strong><\/h4>\n<p>Cuando la energ\u00eda decae o la concentraci\u00f3n se dispersa, inhala directamente el aroma de una gota de <strong>romero o bergamota<\/strong> sobre un pa\u00f1uelo. Este sencillo gesto reactiva la mente sin necesidad de cafe\u00edna ni est\u00edmulos artificiales.<\/p>\n<h4><strong>Por la noche: calma y descanso<\/strong><\/h4>\n<p>Antes de dormir, crea un ambiente tranquilo con una mezcla relajante:<\/p>\n<ul>\n<li>4 gotas de <strong>lavanda<\/strong><\/li>\n<li>2 gotas de <strong>incienso<\/strong><\/li>\n<\/ul>\n<p>Puedes usar un difusor o preparar un spray casero con agua destilada y estas gotas de aceites esenciales para pulverizar sobre la almohada o la ropa de cama. Dormir\u00e1s mejor y despertar\u00e1s con la mente m\u00e1s despejada.<\/p>\n<h3><strong>Mini rutina de bienestar para la primera semana del a\u00f1o<\/strong><\/h3>\n<p>Si est\u00e1s empezando con la aromaterapia, te proponemos esta rutina sencilla de siete d\u00edas. Solo necesitas unos minutos diarios para reconectar contigo misma.<\/p>\n<table style=\"height: 473px;\" width=\"873\">\n<tbody>\n<tr>\n<td>\n<p style=\"text-align: center;\"><strong>D\u00eda<\/strong><\/p>\n<\/td>\n<td style=\"text-align: center;\"><strong>Ritual arom\u00e1tico<\/strong><\/td>\n<td style=\"text-align: center;\"><strong>Prop\u00f3sito<\/strong><\/td>\n<\/tr>\n<tr>\n<td>\n<p style=\"text-align: center;\">Lunes<\/p>\n<\/td>\n<td style=\"text-align: center;\">Lavanda<\/td>\n<td>\n<p style=\"text-align: center;\">Soltar el estr\u00e9s del inicio de semana<\/p>\n<\/td>\n<\/tr>\n<tr>\n<td>\n<p style=\"text-align: center;\">Martes<\/p>\n<\/td>\n<td style=\"text-align: center;\">Lim\u00f3n + Romero<\/td>\n<td>\n<p style=\"text-align: center;\">Activar energ\u00eda y concentraci\u00f3n<\/p>\n<\/td>\n<\/tr>\n<tr>\n<td>\n<p style=\"text-align: center;\">Mi\u00e9rcoles<\/p>\n<\/td>\n<td style=\"text-align: center;\">Bergamota<\/td>\n<td>\n<p style=\"text-align: center;\">Elevar el \u00e1nimo y motivar<\/p>\n<\/td>\n<\/tr>\n<tr>\n<td>\n<p style=\"text-align: center;\">Jueves<\/p>\n<\/td>\n<td style=\"text-align: center;\">Incienso<\/td>\n<td>\n<p style=\"text-align: center;\">Crear un espacio de calma y reflexi\u00f3n<\/p>\n<\/td>\n<\/tr>\n<tr>\n<td>\n<p style=\"text-align: center;\">Viernes<\/p>\n<\/td>\n<td style=\"text-align: center;\">Lavanda + Bergamota<\/td>\n<td>\n<p style=\"text-align: center;\">Cerrar la semana con serenidad<\/p>\n<\/td>\n<\/tr>\n<tr>\n<td>\n<p style=\"text-align: center;\">S\u00e1bado<\/p>\n<\/td>\n<td style=\"text-align: center;\">Ba\u00f1o con lavanda<\/td>\n<td>\n<p style=\"text-align: center;\">Regenerar cuerpo y mente<\/p>\n<\/td>\n<\/tr>\n<tr>\n<td style=\"text-align: center;\">Domingo<\/td>\n<td style=\"text-align: center;\">Lim\u00f3n + Incienso<\/td>\n<td>\n<p style=\"text-align: center;\">Preparar la mente para un nuevo ciclo<\/p>\n<\/td>\n<\/tr>\n<\/tbody>\n<\/table>\n<p>&nbsp;<\/p>\n<p>Puedes adaptar los aromas seg\u00fan tus necesidades, pero mant\u00e9n la constancia. Esa es la verdadera clave del bienestar.<\/p>\n<p>Recuerda que para el ba\u00f1o debes aplicar los aceites en un pu\u00f1ado de<a href=\"https:\/\/www.essenciales.com\/cosmetica-natural\/sales-epsom.html\"> sales de Epson<\/a> y estas incorporarlas al ba\u00f1o.<\/p>\n<h3><strong>El bienestar como prop\u00f3sito<\/strong><\/h3>\n<p>Enero no necesita ser un mes de exigencias. Puede ser un punto de partida m\u00e1s suave, centrado en lo esencial: <strong>tu equilibrio interior<\/strong>.<br \/>\nDedicarte unos minutos cada d\u00eda a respirar, conectar con los aromas y sentir tu propio ritmo puede marcar la diferencia durante todo el a\u00f1o.<\/p>\n<p>Los <strong>aceites esenciales<\/strong> son una herramienta natural y eficaz para acompa\u00f1arte en este proceso. Te ayudan a cuidar tu energ\u00eda, tu espacio y tu bienestar emocional.<\/p>\n<p>Descubre en Essenciales.com la colecci\u00f3n completa de aceites esenciales y crea tu propio ritual para comenzar el a\u00f1o con calma, claridad y presencia.<\/p>\n<h2 style=\"text-align: center;\">\u2665Te leo en comentarios\u2665<\/h2>\n \n\t\t\t\n\t\t\t\t<\/div><!--end post-content-->\n\t\n<\/article><!-- #post -->\n<article id=\"post-2341\" class=\"post post-masonry post-2341 type-post status-publish format-standard has-post-thumbnail hentry category-aceites category-aceites-vegetales category-navidad category-rituales\">\n\n\t\t\t\t\t<div class=\"post-thumbnail\">\n\t\t\t\t\t<a href=\"https:\/\/www.essenciales.com\/blog\/regala-bienestar-que-perdura-la-guia-essencial-para-encontrar-el-detalle-perfecto-esta-navidad\/\">\n\t\t\t\t\t\t<span class=\"item-on-hover\"><span class=\"hover-link\"><i class=\"fa fa-external-link\"><\/i><\/span><\/span>\n\t\t\t\t\t\t<img width=\"780\" height=\"289\" src=\"https:\/\/www.essenciales.com\/blog\/wp-content\/uploads\/Feliz-780x289.png\" class=\"attachment-blog-thumb size-blog-thumb wp-post-image\" alt=\"\" decoding=\"async\" loading=\"lazy\" srcset=\"https:\/\/www.essenciales.com\/blog\/wp-content\/uploads\/Feliz-780x289.png 780w, https:\/\/www.essenciales.com\/blog\/wp-content\/uploads\/Feliz-300x111.png 300w, https:\/\/www.essenciales.com\/blog\/wp-content\/uploads\/Feliz.png 851w\" sizes=\"(max-width: 780px) 100vw, 780px\" \/>\t\t\t\t\t<\/a>\n\t\t\t\t<\/div><!--end post-thumbnail-->\t\t\n\t\t\t\t\n\t<div class=\"post-content\">\n\t\t\n\t\t\t\t\t\t<h3 class=\"masonry-title entry-title\">\n\t\t\t\t<a href=\"https:\/\/www.essenciales.com\/blog\/regala-bienestar-que-perdura-la-guia-essencial-para-encontrar-el-detalle-perfecto-esta-navidad\/\" rel=\"bookmark\" title=\"Permanent Link to Regala Bienestar que Perdura: La Gu\u00eda Essencial para Encontrar el Detalle Perfecto esta Navidad\">Regala Bienestar que Perdura: La Gu\u00eda Essencial para Encontrar el Detalle Perfecto esta Navidad<\/a>\n\t\t\t<\/h3>\n\t\t\t\t\t\t\n\t\t<span class=\"post-meta\">\n\t\t<i class=\"for-sticky fa fa-exclamation\"><\/i><i class=\"fa fa-pencil\"><\/i>\n\t\t<em class=\"post_date date updated\">22 diciembre, 2025<\/em>\t\t<\/span>\t\t\t\n\t\t<div class=\"clear\"><\/div>\n\t\n\t\t<h2 style=\"text-align: center;\">Gu\u00eda de regalos Essenciales: Kits de cosm\u00e9tica natural, aceites esenciales y cestas de bienestar para sorprender esta Navidad y Reyes.<\/h2>\n<h2 style=\"text-align: center;\">\u00a1Regala un momento de calma!<\/h2>\n<p>Bienvenidos de nuevo al blog de Essenciales. Las luces brillan, el turr\u00f3n est\u00e1 en la mesa y la lista de regalos parece infinita, \u00bfverdad?<\/p>\n<p>Navidad y Reyes nos dan la excusa perfecta para <strong>detenernos y pensar en qui\u00e9nes hacen nuestra vida especial<\/strong>. Pero seamos sinceros: a veces, el acto de regalar se vuelve una carrera de compras sin sentido, una obligaci\u00f3n de \u00faltima hora que termina en un caj\u00f3n.<\/p>\n<p>En Essenciales, queremos invitarte a cambiar el enfoque este a\u00f1o. Te proponemos regalar algo que no se consume en un momento, sino que <strong>nutre, relaja y acompa\u00f1a<\/strong>: el regalo del <strong>bienestar natural<\/strong>.<\/p>\n<p><strong>\u00bfC\u00f3mo se hace?<\/strong> Es muy simple: elige un regalo que invite a la persona a <strong>dedicarse tiempo<\/strong>. Elige cosm\u00e9tica natural que cuida la piel sin t\u00f3xicos, o aceites esenciales que transforman el ambiente de su casa en un refugio de paz.<\/p>\n<p>Hemos preparado una peque\u00f1a gu\u00eda para que encuentres el <strong><em>kit<\/em> Essencial<\/strong> perfecto para cada persona querida en tu lista.<\/p>\n<ol>\n<li>\n<h3><strong> Para el Alma Agotada: Regala Calma Inmediata<\/strong><\/h3>\n<\/li>\n<\/ol>\n<p>Sabemos que en la familia o en el c\u00edrculo de amigos siempre hay alguien que vive al l\u00edmite, especialmente en estas fechas. Esa persona necesita un regalo que le obligue, de la mejor manera, a pulsar el <strong>bot\u00f3n de <em>stop<\/em><\/strong>.<\/p>\n<h4><strong>El Kit Ideal: La Aromaterapia de Rescate<\/strong><\/h4>\n<p>Aqu\u00ed la estrella son nuestros <strong>Aceites Esenciales<\/strong>. No hay nada m\u00e1s efectivo para cambiar un estado de \u00e1nimo que un buen aroma.<\/p>\n<ul>\n<li><strong>El Producto Central:<\/strong> El <strong>Pack Aceites Esenciales Relajantes<\/strong>. Suele incluir combinaciones como <a href=\"https:\/\/www.essenciales.com\/aceites-esenciales\/aceite-esencial-lavanda.html?_gl=1*qnwlqj*_up*MQ..&amp;gclid=Cj0KCQjwteOaBhDuARIsADBqReik9-jNMBeULGzgI24BCZx81L3cgZ-2N6zXkP35xLb8V4up3S9pKioaAhdnEALw_wcB\">Lavanda<\/a>, <a href=\"https:\/\/www.essenciales.com\/aceites-esenciales\/valeriana-aceite-esencial.html?_gl=1*13wxwdx*_up*MQ..&amp;gclid=Cj0KCQjwteOaBhDuARIsADBqReik9-jNMBeULGzgI24BCZx81L3cgZ-2N6zXkP35xLb8V4up3S9pKioaAhdnEALw_wcB\">Valeriana<\/a>, <a href=\"https:\/\/www.essenciales.com\/aceites-esenciales\/aceite-esencial-bergamota-extra.html?_gl=1*qnwlqj*_up*MQ..&amp;gclid=Cj0KCQjwteOaBhDuARIsADBqReik9-jNMBeULGzgI24BCZx81L3cgZ-2N6zXkP35xLb8V4up3S9pKioaAhdnEALw_wcB\">Bergamota<\/a> o <a href=\"https:\/\/www.essenciales.com\/aceites-esenciales\/aceite-esencial-de-ylang-ylang.html?_gl=1*1hfngot*_up*MQ..&amp;gclid=Cj0KCQjwteOaBhDuARIsADBqReik9-jNMBeULGzgI24BCZx81L3cgZ-2N6zXkP35xLb8V4up3S9pKioaAhdnEALw_wcB\">Ylang Ylang<\/a>.<\/li>\n<li><strong>El Complemento Perfecto:<\/strong> Un <a href=\"https:\/\/www.essenciales.com\/difusores-aceites-esenciales\/?_gl=1*13wxwdx*_up*MQ..&amp;gclid=Cj0KCQjwteOaBhDuARIsADBqReik9-jNMBeULGzgI24BCZx81L3cgZ-2N6zXkP35xLb8V4up3S9pKioaAhdnEALw_wcB\"><strong>Difusor Ultras\u00f3nico Essencial<\/strong><\/a>. Es la puerta de entrada al <em>spa<\/em> en casa.<\/li>\n<li><strong>\u00bfA qui\u00e9n va dirigido?<\/strong> A tu hermana\/o que trabaja demasiado, a esa amiga que prepara la cena de Nochebuena para 20, o a tu pareja que lleva meses durmiendo poco.<\/li>\n<\/ul>\n<p><strong>El Mensaje Secreto de tu Regalo:<\/strong> <em>\u00abT\u00f3mate un descanso. Tu paz mental vale m\u00e1s que cualquier fiesta.\u00bb<\/em><\/p>\n<ol start=\"2\">\n<li>\n<h3><strong> Para la &#8216;Beauty-Lover&#8217; Consciente: Belleza que Sienta Bien<\/strong><\/h3>\n<\/li>\n<\/ol>\n<p>Tienes una amiga (o te incluye a ti misma, \u00a1claro!) que adora cuidarse, pero que cada vez es m\u00e1s exigente con lo que aplica en su piel. Busca ingredientes puros, sostenibilidad y resultados reales. Ella valora el <strong>detalle <em>eco<\/em><\/strong> y la calidad certificada.<\/p>\n<h4><strong>El Kit Ideal: El Set de Lujo Facial Natural<\/strong><\/h4>\n<p>Nuestra cosm\u00e9tica natural es la respuesta para quienes entienden que menos es m\u00e1s, y que la rutina facial debe ser un ritual, no una obligaci\u00f3n.<\/p>\n<ul>\n<li><strong>El Producto Central:<\/strong> Una <strong>Cesta Regalo Cosm\u00e9tica Natural Beauty<\/strong> . Estos sets suelen combinar <a href=\"https:\/\/www.essenciales.com\/jabones\/jabon-natural-de-leche-de-cabra.html?_gl=1*1n8eyo*_up*MQ..&amp;gclid=Cj0KCQjwteOaBhDuARIsADBqReik9-jNMBeULGzgI24BCZx81L3cgZ-2N6zXkP35xLb8V4up3S9pKioaAhdnEALw_wcB\">limpiadores<\/a>, <a href=\"https:\/\/www.essenciales.com\/ingredientes-naturales\/vitamina-e-tocoferol.html?_gl=1*1n8eyo*_up*MQ..&amp;gclid=Cj0KCQjwteOaBhDuARIsADBqReik9-jNMBeULGzgI24BCZx81L3cgZ-2N6zXkP35xLb8V4up3S9pKioaAhdnEALw_wcB\">s\u00e9rums<\/a> y <a href=\"https:\/\/www.essenciales.com\/cosmetica-natural\/crema-base-neutra-bio.html?_gl=1*1u9t2o3*_up*MQ..&amp;gclid=Cj0KCQjwteOaBhDuARIsADBqReik9-jNMBeULGzgI24BCZx81L3cgZ-2N6zXkP35xLb8V4up3S9pKioaAhdnEALw_wcB\">cremas<\/a> con ingredientes <em>premium<\/em> como el <a href=\"https:\/\/www.essenciales.com\/aceites\/aceite-vegetal-argan-primera-presion-frio.html?_gl=1*1u9t2o3*_up*MQ..&amp;gclid=Cj0KCQjwteOaBhDuARIsADBqReik9-jNMBeULGzgI24BCZx81L3cgZ-2N6zXkP35xLb8V4up3S9pKioaAhdnEALw_wcB\">Arg\u00e1n<\/a>, la <a href=\"https:\/\/www.essenciales.com\/aceites-primera-presion-frio\/aceite-rosa-mosqueta-primera-presion-frio.html?_gl=1*1u9t2o3*_up*MQ..&amp;gclid=Cj0KCQjwteOaBhDuARIsADBqReik9-jNMBeULGzgI24BCZx81L3cgZ-2N6zXkP35xLb8V4up3S9pKioaAhdnEALw_wcB\">Rosa Mosqueta<\/a> , entre otros.<\/li>\n<li><strong>El Complemento Perfecto:<\/strong> Nuestra <a href=\"https:\/\/www.essenciales.com\/cosmetica-natural\/esponja-natural-konjac-facial-exfoliante.html?_gl=1*b2mf1*_up*MQ..&amp;gclid=Cj0KCQjwteOaBhDuARIsADBqReik9-jNMBeULGzgI24BCZx81L3cgZ-2N6zXkP35xLb8V4up3S9pKioaAhdnEALw_wcB\"><strong>Esponja Konjac<\/strong><\/a> o un <a href=\"https:\/\/www.essenciales.com\/cosmetica-natural\/rodillo-jade-masaje-facial.html?_gl=1*1r78io4*_up*MQ..&amp;gclid=Cj0KCQjwteOaBhDuARIsADBqReik9-jNMBeULGzgI24BCZx81L3cgZ-2N6zXkP35xLb8V4up3S9pKioaAhdnEALw_wcB\">rodillo facial de jade<\/a>. A\u00f1ade un toque <em>pro<\/em> a su rutina.<\/li>\n<li><strong>\u00bfA qui\u00e9n va dirigido?<\/strong> A tu madre o suegra (que siempre valoran un buen producto), a tu prima <em>influencer<\/em> de vida sana, o a esa persona que sabes que quiere empezar a usar cosm\u00e9tica <em>bio<\/em>.<\/li>\n<\/ul>\n<p><strong>El Mensaje Secreto de tu Regalo:<\/strong> <em>\u00abTe mereces un cuidado tan puro y bonito como tu esencia.\u00bb<\/em><\/p>\n<ol start=\"3\">\n<li>\n<h3><strong> Para los Amantes de la Casa Acogedora: El Calor del Hogar<\/strong><\/h3>\n<\/li>\n<\/ol>\n<p>La Navidad se vive en casa, y el aroma del hogar es una de las memorias m\u00e1s potentes que creamos. \u00bfHay algo mejor que regalar el poder de crear un ambiente que te haga sentir seguro y feliz?<\/p>\n<h4><strong>El Kit Ideal: La Experiencia Essencial Festiva<\/strong><\/h4>\n<p>Nos enfocaremos en esos aromas c\u00e1lidos, especiados y reconfortantes que instant\u00e1neamente nos recuerdan a un fuego encendido y a galletas reci\u00e9n hechas.<\/p>\n<ul>\n<li><strong>El Producto Central:<\/strong> El <a href=\"https:\/\/www.essenciales.com\/aceites-esenciales\/aceite-esencial-naranja.html?_gl=1*3c35x6*_up*MQ..&amp;gclid=Cj0KCQjwteOaBhDuARIsADBqReik9-jNMBeULGzgI24BCZx81L3cgZ-2N6zXkP35xLb8V4up3S9pKioaAhdnEALw_wcB\"><strong>Aceite Esencial de Naranja Dulce<\/strong><\/a>\u00a0y el <a href=\"https:\/\/www.essenciales.com\/aceites-esenciales\/canela-hojas-aceite-esencial.html?_gl=1*3c35x6*_up*MQ..&amp;gclid=Cj0KCQjwteOaBhDuARIsADBqReik9-jNMBeULGzgI24BCZx81L3cgZ-2N6zXkP35xLb8V4up3S9pKioaAhdnEALw_wcB\"><strong>Aceite Esencial de Canela<\/strong><\/a> . \u00a1Son el d\u00fao navide\u00f1o por excelencia!<\/li>\n<li><strong>El Complemento Perfecto:<\/strong> Unas <a href=\"https:\/\/www.essenciales.com\/velas-aromaticas\/?_gl=1*1s5cgjd*_up*MQ..&amp;gclid=Cj0KCQjwteOaBhDuARIsADBqReik9-jNMBeULGzgI24BCZx81L3cgZ-2N6zXkP35xLb8V4up3S9pKioaAhdnEALw_wcB\"><strong>Velas Arom\u00e1ticas Naturales Essenciales<\/strong><\/a> (si las ten\u00e9is, si no, un <em>Sinergia Navide\u00f1a<\/em> ya preparada, encontrar\u00e1s algunas ideas en nuestro <a href=\"https:\/\/www.instagram.com\/essenciales_oficial\">Instagram<\/a>).<\/li>\n<li><strong>\u00bfA qui\u00e9n va dirigido?<\/strong> A tus anfitriones de la cena de Nochevieja, a ese amigo\/a que acaba de mudarse o a tus t\u00edos que adoran tener la casa perfumada de forma natural.<\/li>\n<\/ul>\n<p><strong>El Mensaje Secreto de tu Regalo:<\/strong> <em>\u00abQue tu hogar se llene de luz y aromas que te hacen sonre\u00edr.\u00bb<\/em><\/p>\n<ol start=\"4\">\n<li>\n<h3><strong> La Soluci\u00f3n para el Regalo &#8216;Imposible&#8217;: Regala la Elecci\u00f3n<\/strong><\/h3>\n<\/li>\n<\/ol>\n<p>S\u00e9 sincero. En toda lista hay un \u00abregalo imposible\u00bb: esa persona que ya tiene de todo, o que tiene gustos muy particulares. Para no fallar, la mejor opci\u00f3n es siempre regalar <strong>flexibilidad y calidad<\/strong>.<\/p>\n<ul>\n<li><strong>Tu Soluci\u00f3n Essencial:<\/strong> La <a href=\"https:\/\/www.essenciales.com\/catalogo-completo\/tarjeta-regalo-essenciales.html?_gl=1*1xczqx6*_up*MQ..&amp;gclid=Cj0KCQjwteOaBhDuARIsADBqReik9-jNMBeULGzgI24BCZx81L3cgZ-2N6zXkP35xLb8V4up3S9pKioaAhdnEALw_wcB\"><strong>Tarjeta Regalo Essenciales<\/strong><\/a> .<\/li>\n<li><strong>La Ventaja:<\/strong> Les permites elegir exactamente el producto que necesitan (quiz\u00e1s necesitan reponer su <em>s\u00e9rum<\/em> favorito o est\u00e1n a punto de terminar el aceite de Ricino).<\/li>\n<\/ul>\n<p><strong>El Mensaje Secreto de tu Regalo:<\/strong> <em>\u00abElige t\u00fa lo que m\u00e1s te haga feliz. Queremos que tu bienestar sea una prioridad.\u00bb<\/em><\/p>\n<h3><strong>\ud83c\udf1f<\/strong><strong> Regala Essenciales: Un Acto de Amor Consciente<\/strong><\/h3>\n<p>Esta Navidad, recuerda que el mejor regalo es el que se da con intenci\u00f3n. Al elegir cosm\u00e9tica natural y aceites esenciales, est\u00e1s regalando <strong>salud, sostenibilidad y un ritual de cuidado<\/strong>. Est\u00e1s regalando una invitaci\u00f3n al <em>self-care<\/em> en medio de la vor\u00e1gine.<\/p>\n<p>Esperamos que esta gu\u00eda te ayude a tachar la lista con una sonrisa. \u00a1Felices Fiestas y a regalar mucho bienestar!<\/p>\n<h2 style=\"text-align: center;\">\u2665Te leo en comentarios\u2665<\/h2>\n \n\t\t\t\n\t\t\t\t<\/div><!--end post-content-->\n\t\n<\/article><!-- #post -->\n<article id=\"post-2338\" class=\"post post-masonry post-2338 type-post status-publish format-standard has-post-thumbnail hentry category-aceites category-navidad category-remedios-naturales category-rituales category-rutinas\">\n\n\t\t\t\t\t<div class=\"post-thumbnail\">\n\t\t\t\t\t<a href=\"https:\/\/www.essenciales.com\/blog\/stop-al-estres-navideno-3-rituales-essenciales-para-reiniciar-cuerpo-y-mente\/\">\n\t\t\t\t\t\t<span class=\"item-on-hover\"><span class=\"hover-link\"><i class=\"fa fa-external-link\"><\/i><\/span><\/span>\n\t\t\t\t\t\t<img width=\"780\" height=\"289\" src=\"https:\/\/www.essenciales.com\/blog\/wp-content\/uploads\/\u00a1Stop-al-estres-navideno-780x289.png\" class=\"attachment-blog-thumb size-blog-thumb wp-post-image\" alt=\"\" decoding=\"async\" loading=\"lazy\" srcset=\"https:\/\/www.essenciales.com\/blog\/wp-content\/uploads\/\u00a1Stop-al-estres-navideno-780x289.png 780w, https:\/\/www.essenciales.com\/blog\/wp-content\/uploads\/\u00a1Stop-al-estres-navideno-300x111.png 300w, https:\/\/www.essenciales.com\/blog\/wp-content\/uploads\/\u00a1Stop-al-estres-navideno.png 851w\" sizes=\"(max-width: 780px) 100vw, 780px\" \/>\t\t\t\t\t<\/a>\n\t\t\t\t<\/div><!--end post-thumbnail-->\t\t\n\t\t\t\t\n\t<div class=\"post-content\">\n\t\t\n\t\t\t\t\t\t<h3 class=\"masonry-title entry-title\">\n\t\t\t\t<a href=\"https:\/\/www.essenciales.com\/blog\/stop-al-estres-navideno-3-rituales-essenciales-para-reiniciar-cuerpo-y-mente\/\" rel=\"bookmark\" title=\"Permanent Link to \u00a1Stop al Estr\u00e9s Navide\u00f1o! 3 Rituales Essenciales para Reiniciar Cuerpo y Mente\">\u00a1Stop al Estr\u00e9s Navide\u00f1o! 3 Rituales Essenciales para Reiniciar Cuerpo y Mente<\/a>\n\t\t\t<\/h3>\n\t\t\t\t\t\t\n\t\t<span class=\"post-meta\">\n\t\t<i class=\"for-sticky fa fa-exclamation\"><\/i><i class=\"fa fa-pencil\"><\/i>\n\t\t<em class=\"post_date date updated\">8 diciembre, 2025<\/em>\t\t<\/span>\t\t\t\n\t\t<div class=\"clear\"><\/div>\n\t\n\t\t<h2 style=\"text-align: center;\">El mejor regalo de Navidad eres t\u00fa. Conoce 3 rituales Essenciales de bienestar para cuerpo y mente. Cosm\u00e9tica natural y aromaterapia para una belleza real.<\/h2>\n<p>Bienvenidos un d\u00eda m\u00e1s al blog de Essenciales. \u00bfC\u00f3mo va ese esp\u00edritu navide\u00f1o? \u00bfYa has sucumbido al <strong>estr\u00e9s pre-navide\u00f1o<\/strong>? Lo s\u00e9, diciembre es una monta\u00f1a rusa: planes, cenas, regalos, prisas&#8230; y, de repente, notas que tu piel protesta, tus m\u00fasculos est\u00e1n tensos y la paciencia brilla por su ausencia.<\/p>\n<p>En Essenciales, nuestra filosof\u00eda siempre ha sido clara: <strong>cuidarse de forma natural es la clave para estar bien, por dentro y por fuera<\/strong>. La belleza no es un maquillaje perfecto, sino el reflejo de una piel y una mente sanas.<\/p>\n<p>Por eso, hoy no te voy a hablar de regalos, sino de un regalo mucho m\u00e1s importante: <strong>tu tiempo<\/strong>. Te propongo tres rituales <em>express<\/em> y s\u00faper efectivos, usando esa <strong>cosm\u00e9tica natural y ecol\u00f3gica<\/strong> que tanto amamos, para que puedas poner el <strong>bot\u00f3n de pausa<\/strong> en medio del caos festivo. \u00a1Vamos a ello!<\/p>\n<ol>\n<li>\n<h3><strong> El Ritual Desestresante y Purificante: La Piel-Detox en 15 Minutos<\/strong><\/h3>\n<\/li>\n<\/ol>\n<p>La piel, especialmente la del rostro, es la primera que refleja el cansancio y el exceso (de comida, de falta de sue\u00f1o&#8230;). Adem\u00e1s, con el fr\u00edo y los cambios de temperatura, se apaga. \u00a1Es hora de darle un <em>reset<\/em> profundo!<\/p>\n<h4><strong>Paso 1: El Despegue Arom\u00e1tico (2 min)<\/strong><\/h4>\n<ul>\n<li><strong>Tu Essencial (Aromaterapia):<\/strong> Nuestro <a href=\"https:\/\/www.essenciales.com\/aceites-esenciales\/aceite-esencial-lavanda.html?_gl=1*yrsjjs*_up*MQ..&amp;gclid=Cj0KCQjwteOaBhDuARIsADBqReik9-jNMBeULGzgI24BCZx81L3cgZ-2N6zXkP35xLb8V4up3S9pKioaAhdnEALw_wcB\"><strong>Aceite Esencial de Lavanda <\/strong><\/a>.<\/li>\n<li><strong>La T\u00e9cnica:<\/strong> Antes de empezar, pon 3 gotas del Aceite Esencial de Lavanda en tu difusor ultras\u00f3nico. Deja que el aroma inunde el espacio. Respira profundamente 5 veces. La aromaterapia es un ancla inmediata que le dice a tu cerebro: \u00ab<strong>Ahora toca calma<\/strong>\u00ab. La lavanda es la reina indiscutible para calmar el sistema nervioso, perfecta para rebajar el nivel de <em>revoluciones<\/em> de las compras y los preparativos.<\/li>\n<\/ul>\n<h4><strong>Paso 2: Exfoliaci\u00f3n Suave y Consciencia (5 min)<\/strong><\/h4>\n<ul>\n<li><strong>Tu Essencial (Exfoliaci\u00f3n):<\/strong> Nuestra <a href=\"https:\/\/www.essenciales.com\/cosmetica-natural\/esponja-natural-konjac-facial-exfoliante.html#\/44-color_konjac-carbon\"><strong>Esponja Natural Konjac facial exfoliante<\/strong><\/a> \u00a0(la de carb\u00f3n activado es perfecta para detoxificar).<\/li>\n<li><strong>La T\u00e9cnica:<\/strong> Moja la Konjac y masaj\u00e9ala suavemente por todo el rostro con movimientos circulares ascendentes. La clave aqu\u00ed es la <strong>presi\u00f3n sutil y la consciencia<\/strong>. Siente c\u00f3mo eliminas las c\u00e9lulas muertas. Este paso no solo deja tu piel lista para absorber lo bueno, sino que es una micro-meditaci\u00f3n activa. La suavidad de la Konjac asegura una exfoliaci\u00f3n sin agredir, algo <em>esencial<\/em> cuando la piel est\u00e1 sensible por el fr\u00edo.<\/li>\n<\/ul>\n<h4><strong>Paso 3: El Abrazo Profundo (8 min)<\/strong><\/h4>\n<ul>\n<li><strong>Tu Essencial (Mascarilla):<\/strong> Elige una <strong><a href=\"https:\/\/www.essenciales.com\/cosmetica-natural\/arcilla-blanca-de-caolin.html?_gl=1*1dgiqf3*_up*MQ..&amp;gclid=Cj0KCQjwteOaBhDuARIsADBqReik9-jNMBeULGzgI24BCZx81L3cgZ-2N6zXkP35xLb8V4up3S9pKioaAhdnEALw_wcB\">mascarilla de arcilla<\/a><\/strong> (si tienes piel grasa) o, si tu piel est\u00e1 deshidratada, un poco de <a href=\"https:\/\/www.essenciales.com\/ingredientes-naturales\/vitamina-e-tocoferol.html?_gl=1*sp616e*_up*MQ..&amp;gclid=Cj0KCQjwteOaBhDuARIsADBqReik9-jNMBeULGzgI24BCZx81L3cgZ-2N6zXkP35xLb8V4up3S9pKioaAhdnEALw_wcB\"><strong>Vitamina E<\/strong> <\/a><strong>de\u00a0Essenciales<\/strong> \u00a0aplicado como una capa gruesa.<\/li>\n<li><strong>La T\u00e9cnica:<\/strong> Aplica la mascarilla\/vitamina e. Ahora, <strong>prohibido mirar el m\u00f3vil<\/strong>. Cierra los ojos. T\u00f3mate una taza de infusi\u00f3n caliente o simplemente si\u00e9ntate y <strong>escucha la m\u00fasica suave<\/strong> (o el silencio). Siente c\u00f3mo el producto trabaja. Si usaste el s\u00e9rum como mascarilla, retira el exceso con un algod\u00f3n humedecido despu\u00e9s de los 8 minutos. Tu piel no solo estar\u00e1 m\u00e1s luminosa, sino que habr\u00e1s ganado 8 minutos de paz mental innegociable. Tras ello aplica tu rutina de skincare diaria.<\/li>\n<\/ul>\n<p><strong>TIP Essenciales:<\/strong> Si el tiempo de secado de la mascarilla te agobia, aprovecha para aplicar un aceite corporal en tus pies y hazte un breve masaje. \u00a1Doble beneficio al mismo tiempo!<\/p>\n<ol start=\"2\">\n<li>\n<h3><strong> El Ritual de Ducha Caliente: Transformando la Rutina en Terapia<\/strong><\/h3>\n<\/li>\n<\/ol>\n<p>A veces, la \u00fanica media hora tranquila que tenemos es la de la ducha. \u00a1No la desperdicies! Con los productos adecuados, tu ba\u00f1o se convierte en un aut\u00e9ntico <strong>spa de aromaterapia<\/strong> que te ayuda a soltar las tensiones acumuladas en la espalda, el cuello y la mente.<\/p>\n<h4><strong>Paso 1: El Gel que Despierta los Sentidos (3 min)<\/strong><\/h4>\n<ul>\n<li><strong>Tu Essencial (Higiene):<\/strong> Un <strong><a href=\"https:\/\/www.essenciales.com\/jabones\/jabon-natural-de-leche-de-cabra.html?_gl=1*1ep0hky*_up*MQ..&amp;gclid=Cj0KCQjwteOaBhDuARIsADBqReik9-jNMBeULGzgI24BCZx81L3cgZ-2N6zXkP35xLb8V4up3S9pKioaAhdnEALw_wcB\">Jab\u00f3n<\/a> \/ <a href=\"https:\/\/www.essenciales.com\/jabones\/jabon-gel-de-bano-base-para-cuerpo-y-manos-ecologico.html?_gl=1*otnn0c*_up*MQ..&amp;gclid=Cj0KCQjwteOaBhDuARIsADBqReik9-jNMBeULGzgI24BCZx81L3cgZ-2N6zXkP35xLb8V4up3S9pKioaAhdnEALw_wcB\">Gel de ba\u00f1o base<\/a> para cuerpo y manos Ecol\u00f3gico<\/strong> .<\/li>\n<li><strong>La T\u00e9cnica:<\/strong> En lugar de frotar r\u00e1pido, haz del enjabonado un ritual. Inhala profundamente el vapor y el aroma del gel. Masajea especialmente los hombros y la nuca, donde el estr\u00e9s se suele \u00abacumular\u00bb. Este gel base es perfecto porque puedes personalizar su aroma: a\u00f1ade 2 gotas de <a href=\"https:\/\/www.essenciales.com\/aceites-esenciales\/aceite-esencial-de-romero-cineol.html?_gl=1*otnn0c*_up*MQ..&amp;gclid=Cj0KCQjwteOaBhDuARIsADBqReik9-jNMBeULGzgI24BCZx81L3cgZ-2N6zXkP35xLb8V4up3S9pKioaAhdnEALw_wcB\"><strong>Aceite Esencial de Romero<\/strong><\/a> a tu gel para activar la mente y los m\u00fasculos cansados por el esfuerzo.<\/li>\n<\/ul>\n<h4><strong>Paso 2: El &#8216;Wrap&#8217; de Calidez (2 min)<\/strong><\/h4>\n<ul>\n<li><strong>Tu Essencial:<\/strong> La mezcla de tu gel base con el Aceite Esencial de Romero.<\/li>\n<li><strong>La T\u00e9cnica:<\/strong> Mientras el agua caliente sigue corriendo, masajea vigorosamente las piernas y los brazos con el gel enriquecido. El Romero es excelente para la circulaci\u00f3n y la sensaci\u00f3n de fatiga muscular, ideal para reactivar el cuerpo tras un d\u00eda de mucho ajetreo (o mucha silla). No solo reactivas la circulaci\u00f3n (ideal para las cenas largas), sino que el aroma a bosque y menta te transporta lejos del bullicio.<\/li>\n<\/ul>\n<h4><strong>Paso 3: Hidrataci\u00f3n &#8216;Post-Ducha&#8217; (5 min)<\/strong><\/h4>\n<ul>\n<li><strong>Tu Essencial (Hidrataci\u00f3n):<\/strong> Un <a href=\"https:\/\/www.essenciales.com\/aceites\/aceite-vegetal-argan-primera-presion-frio.html?_gl=1*nf5e2j*_up*MQ..&amp;gclid=Cj0KCQjwteOaBhDuARIsADBqReik9-jNMBeULGzgI24BCZx81L3cgZ-2N6zXkP35xLb8V4up3S9pKioaAhdnEALw_wcB\"><strong>Aceite de Arg\u00e1n Puro<\/strong><\/a> .<\/li>\n<li><strong>La T\u00e9cnica:<\/strong> Dedica estos minutos a hidratar tu cuerpo con calma. No te vistas de inmediato. El Aceite de Arg\u00e1n, conocido como el \u00aboro l\u00edquido\u00bb, se absorbe r\u00e1pidamente sin dejar sensaci\u00f3n grasa y aporta una hidrataci\u00f3n profunda que tu piel agradecer\u00e1 tras la ducha caliente. Masajea suavemente, prestando atenci\u00f3n a codos y rodillas. Te viste con la sensaci\u00f3n de piel nueva, hidratada y con un aroma sutil.<\/li>\n<\/ul>\n<ol start=\"3\">\n<li>\n<h3><strong> El Ritual Nocturno: Paz Interior y Sue\u00f1o de Belleza<\/strong><\/h3>\n<\/li>\n<\/ol>\n<p>Si hay algo que sabotea tu belleza m\u00e1s que el estr\u00e9s, es la falta de sue\u00f1o. La noche es el momento en que nuestra piel se regenera. Ayudar a nuestro cuerpo a entrar en <strong>modo descanso profundo<\/strong> es el mejor tratamiento <em>anti-age<\/em> y anti-estr\u00e9s que existe.<\/p>\n<h4><strong>Paso 1: El Masaje M\u00e1gico Essenciales (3 min)<\/strong><\/h4>\n<ul>\n<li><strong>Tu Essencial (Masaje Relajante):<\/strong> El <a href=\"https:\/\/www.essenciales.com\/aceites\/aceite-vegetal-argan-primera-presion-frio.html?_gl=1*nf5e2j*_up*MQ..&amp;gclid=Cj0KCQjwteOaBhDuARIsADBqReik9-jNMBeULGzgI24BCZx81L3cgZ-2N6zXkP35xLb8V4up3S9pKioaAhdnEALw_wcB\"><strong>Aceite de Arg\u00e1n Puro<\/strong> <\/a>\u00a0de nuevo.<\/li>\n<li><strong>La T\u00e9cnica:<\/strong> Mezcla en la palma de tu mano un poco de Aceite de Arg\u00e1n con una gota del <a href=\"https:\/\/www.essenciales.com\/aceites-esenciales\/aceite-esencial-mandarina.html?_gl=1*md7sjq*_up*MQ..&amp;gclid=Cj0KCQjwteOaBhDuARIsADBqReik9-jNMBeULGzgI24BCZx81L3cgZ-2N6zXkP35xLb8V4up3S9pKioaAhdnEALw_wcB\"><strong>Aceite Esencial de Mandarina\u00a0 <\/strong><\/a>. Cali\u00e9ntalo frotando las manos. Aplica la mezcla con un <strong>suave masaje facial<\/strong>, centr\u00e1ndote en los puntos de tensi\u00f3n: sienes, mand\u00edbula y entrecejo. El aceite vegetal nutre la piel seca del invierno, y la Mandarina es conocida por sus propiedades sedantes que ayudan a calmar la ansiedad antes de dormir.<\/li>\n<\/ul>\n<h4><strong>Paso 2: La Desconexi\u00f3n Digital (\u00a10 minutos frente a la pantalla!)<\/strong><\/h4>\n<ul>\n<li><strong>Tu Essencial:<\/strong> El <strong>silencio<\/strong> (o m\u00fasica de relajaci\u00f3n muy suave).<\/li>\n<li><strong>La T\u00e9cnica:<\/strong> Deja el m\u00f3vil en otra habitaci\u00f3n o, al menos, lejos de tu cama. Abre un libro o, simplemente, acu\u00e9state y haz 10 respiraciones lentas y profundas, sintiendo el peso de tu cuerpo en el colch\u00f3n. <strong>Este es el paso m\u00e1s Essencial de todos<\/strong>: darle a tu mente la oportunidad de desconectar de las listas de tareas y las notificaciones.<\/li>\n<\/ul>\n<h3><strong>\ud83d\udc9a<\/strong><strong> El Compromiso Essenciales Contigo<\/strong><\/h3>\n<p>En Essenciales creemos que cuidar de ti es un acto de <strong>responsabilidad<\/strong> y de <strong>amor propio<\/strong>, especialmente cuando el mundo exterior pide tanto. No se trata de a\u00f1adir una tarea m\u00e1s a tu agenda, sino de <strong>transformar<\/strong> tus rutinas diarias de higiene en momentos de aut\u00e9ntico bienestar.<\/p>\n<p><strong>\u00bfTe atreves a regalarte esta Navidad el mejor de los cuidados?<\/strong> Recuerda que una mente y un cuerpo relajados se reflejan en una piel radiante, y eso&#8230; \u00a1es la mejor belleza natural que existe!<\/p>\n<h3><strong>\u00a1Cu\u00eddate mucho y que la calma te acompa\u00f1e en estas fiestas!<\/strong><\/h3>\n<h2 style=\"text-align: center;\">\u2665Te leo en comentarios\u2665<\/h2>\n \n\t\t\t\n\t\t\t\t<\/div><!--end post-content-->\n\t\n<\/article><!-- #post -->\n<article id=\"post-2315\" class=\"post post-masonry post-2315 type-post status-publish format-standard has-post-thumbnail hentry category-aceites category-aceites-vegetales category-otono category-preparados\">\n\n\t\t\t\t\t<div class=\"post-thumbnail\">\n\t\t\t\t\t<a href=\"https:\/\/www.essenciales.com\/blog\/como-eliminar-manchas-en-la-piel-de-forma-natural-aceites-esenciales-y-rutina-nocturna\/\">\n\t\t\t\t\t\t<span class=\"item-on-hover\"><span class=\"hover-link\"><i class=\"fa fa-external-link\"><\/i><\/span><\/span>\n\t\t\t\t\t\t<img width=\"780\" height=\"289\" src=\"https:\/\/www.essenciales.com\/blog\/wp-content\/uploads\/Como-eliminar-manchas-en-la-piel-de-forma-natural-780x289.png\" class=\"attachment-blog-thumb size-blog-thumb wp-post-image\" alt=\"\" decoding=\"async\" loading=\"lazy\" srcset=\"https:\/\/www.essenciales.com\/blog\/wp-content\/uploads\/Como-eliminar-manchas-en-la-piel-de-forma-natural-780x289.png 780w, https:\/\/www.essenciales.com\/blog\/wp-content\/uploads\/Como-eliminar-manchas-en-la-piel-de-forma-natural-300x111.png 300w, https:\/\/www.essenciales.com\/blog\/wp-content\/uploads\/Como-eliminar-manchas-en-la-piel-de-forma-natural.png 851w\" sizes=\"(max-width: 780px) 100vw, 780px\" \/>\t\t\t\t\t<\/a>\n\t\t\t\t<\/div><!--end post-thumbnail-->\t\t\n\t\t\t\t\n\t<div class=\"post-content\">\n\t\t\n\t\t\t\t\t\t<h3 class=\"masonry-title entry-title\">\n\t\t\t\t<a href=\"https:\/\/www.essenciales.com\/blog\/como-eliminar-manchas-en-la-piel-de-forma-natural-aceites-esenciales-y-rutina-nocturna\/\" rel=\"bookmark\" title=\"Permanent Link to C\u00f3mo eliminar manchas en la piel de forma natural: aceites esenciales y rutina nocturna\">C\u00f3mo eliminar manchas en la piel de forma natural: aceites esenciales y rutina nocturna<\/a>\n\t\t\t<\/h3>\n\t\t\t\t\t\t\n\t\t<span class=\"post-meta\">\n\t\t<i class=\"for-sticky fa fa-exclamation\"><\/i><i class=\"fa fa-pencil\"><\/i>\n\t\t<em class=\"post_date date updated\">12 noviembre, 2025<\/em>\t\t<\/span>\t\t\t\n\t\t<div class=\"clear\"><\/div>\n\t\n\t\t<h2 style=\"text-align: center;\">El oto\u00f1o es el momento perfecto para recuperar la piel despu\u00e9s del sol. Aprende a eliminar manchas con aceites esenciales, tiempos de aplicaci\u00f3n y una rutina nocturna sencilla y natural.<\/h2>\n<p>Bienvenidos de nuevo al blog de Essenciales. Despu\u00e9s del verano, es muy com\u00fan que aparezcan peque\u00f1as manchas en la piel provocadas por la exposici\u00f3n solar. El oto\u00f1o es la estaci\u00f3n perfecta para tratarlas, porque los rayos UV son menos intensos y tenemos m\u00e1s margen para incorporar tratamientos nocturnos sin riesgo de irritaci\u00f3n.<\/p>\n<p>Si buscas <strong>alternativas naturales y efectivas para unificar el tono<\/strong>, \u00a1este post es para ti! Te contamos cu\u00e1les son los <strong>ingredientes clave<\/strong>, c\u00f3mo usarlos y cu\u00e1l es la <strong>rutina ideal para que tu piel luzca radiante<\/strong>.<\/p>\n<h3><strong>\ud83c\udf4b<\/strong><strong><a href=\"https:\/\/www.essenciales.com\/aceites-esenciales\/aceite-esencial-limon.html?_gl=1*11ougez*_up*MQ..&amp;gclid=Cj0KCQjwteOaBhDuARIsADBqReik9-jNMBeULGzgI24BCZx81L3cgZ-2N6zXkP35xLb8V4up3S9pKioaAhdnEALw_wcB\"> Aceite esencial de lim\u00f3n<\/a>: el aliado para aclarar la piel<\/strong><\/h3>\n<p>El aceite esencial de lim\u00f3n es conocido por su acci\u00f3n <strong>despigmentante y purificante<\/strong>, pero debe usarse con precauci\u00f3n:<\/p>\n<ul>\n<li><strong>Siempre por la noche<\/strong>, ya que es fotosensible (puede manchar m\u00e1s si te expones al sol)<\/li>\n<li><strong>Diluirlo bien<\/strong>: Nunca apliques aceite esencial puro sobre la piel.<\/li>\n<\/ul>\n<h4><strong>C\u00f3mo usarlo:<\/strong><\/h4>\n<ul>\n<li>Mezcla 5 gotas de aceite esencial de lim\u00f3n en 10 gotas de aceite vegetal (como<a href=\"https:\/\/www.essenciales.com\/aceites-primera-presion-frio\/aceite-rosa-mosqueta-primera-presion-frio.html?_gl=1*svlyn9*_up*MQ..&amp;gclid=Cj0KCQjwteOaBhDuARIsADBqReik9-jNMBeULGzgI24BCZx81L3cgZ-2N6zXkP35xLb8V4up3S9pKioaAhdnEALw_wcB\"> rosa mosqueta<\/a>).<\/li>\n<li>Aplica solo sobre la mancha con un bastoncillo de algod\u00f3n.<\/li>\n<li>Hazlo <strong>3-4 veces por semana<\/strong>, dejando actuar toda la noche.<\/li>\n<\/ul>\n<p>\ud83d\udca1 <em>Consejo Essenciales<\/em>: Al d\u00eda siguiente, limpia bien la zona antes de salir y <strong>usa protector solar<\/strong> incluso en oto\u00f1o.<\/p>\n<p>&nbsp;<\/p>\n<h3><strong>\ud83c\udf39<\/strong><strong><a href=\"https:\/\/www.essenciales.com\/aceites-primera-presion-frio\/aceite-rosa-mosqueta-primera-presion-frio.html?_gl=1*svlyn9*_up*MQ..&amp;gclid=Cj0KCQjwteOaBhDuARIsADBqReik9-jNMBeULGzgI24BCZx81L3cgZ-2N6zXkP35xLb8V4up3S9pKioaAhdnEALw_wcB\"> Aceite de rosa mosqueta<\/a>: reparaci\u00f3n profunda<\/strong><\/h3>\n<p>Este aceite vegetal es un cl\u00e1sico en la cosm\u00e9tica natural. Su alto contenido en \u00e1cidos grasos esenciales y vitamina A lo convierte en un <strong>potente regenerador cut\u00e1neo<\/strong>.<\/p>\n<h4><strong>Beneficios principales:<\/strong><\/h4>\n<p>\u2714 Ayuda a <strong>disminuir manchas<\/strong> y cicatrices.<br \/>\n\u2714 Nutre la piel y evita la sequedad.<\/p>\n<h4><strong>C\u00f3mo usarlo:<\/strong><\/h4>\n<ul>\n<li>Aplica unas gotas sobre el rostro limpio <strong>cada noche<\/strong>.<\/li>\n<li>Masajea suavemente hasta que se absorba.<\/li>\n<li>Puedes combinarlo con aceite esencial de lim\u00f3n en la misma aplicaci\u00f3n (diluido correctamente).<\/li>\n<\/ul>\n<h3><strong>\ud83c\udf3a<\/strong><strong> Otros aceites para potenciar la rutina<\/strong><\/h3>\n<ul>\n<li><strong>Aceite esencial de<a href=\"https:\/\/www.essenciales.com\/aceites-esenciales\/aceite-esencial-ylang-ylang.html?_gl=1*svlyn9*_up*MQ..&amp;gclid=Cj0KCQjwteOaBhDuARIsADBqReik9-jNMBeULGzgI24BCZx81L3cgZ-2N6zXkP35xLb8V4up3S9pKioaAhdnEALw_wcB\"> Ylang-Ylang<\/a><\/strong>: Equilibra la piel y mejora su elasticidad.<\/li>\n<li><strong>Aceite esencial de <a href=\"https:\/\/www.essenciales.com\/aceites-esenciales\/aceite-esencial-lavanda.html?_gl=1*svlyn9*_up*MQ..&amp;gclid=Cj0KCQjwteOaBhDuARIsADBqReik9-jNMBeULGzgI24BCZx81L3cgZ-2N6zXkP35xLb8V4up3S9pKioaAhdnEALw_wcB\">Lavanda<\/a><\/strong>: Calmante y regenerador, perfecto para piel sensible.<\/li>\n<\/ul>\n<p>\ud83d\udca1 <em>Tip<\/em>: A\u00f1ade 1-2 gotas de estos aceites esenciales en tu mezcla de rosa mosqueta para potenciar la acci\u00f3n reparadora y conseguir un aroma relajante para la noche.<\/p>\n<h3><strong>\ud83c\udf19<\/strong><strong> Rutina nocturna ideal para oto\u00f1o<\/strong><\/h3>\n<ol>\n<li><strong>Limpia suavemente tu piel<\/strong> con un <a href=\"https:\/\/www.essenciales.com\/jabones\/jabon-natural-de-leche-de-cabra.html?_gl=1*12i8yjg*_up*MQ..&amp;gclid=Cj0KCQjwteOaBhDuARIsADBqReik9-jNMBeULGzgI24BCZx81L3cgZ-2N6zXkP35xLb8V4up3S9pKioaAhdnEALw_wcB\">jab\u00f3n natural<\/a><\/li>\n<li><strong>T\u00f3nico calmante<\/strong>: un <a href=\"https:\/\/www.essenciales.com\/hidrolatos-aguas-florales\/?_gl=1*12i8yjg*_up*MQ..&amp;gclid=Cj0KCQjwteOaBhDuARIsADBqReik9-jNMBeULGzgI24BCZx81L3cgZ-2N6zXkP35xLb8V4up3S9pKioaAhdnEALw_wcB\">hidrolato<\/a> de rosa o azahar es perfecto.<\/li>\n<li><strong>Tratamiento despigmentante<\/strong>: Aplica tu mezcla con aceite esencial de lim\u00f3n solo en las manchas.<\/li>\n<li><strong>Hidrataci\u00f3n profunda<\/strong>: Finaliza con tu crema de noche con unas gotas de rosa mosqueta si ves que tu piel queda un poco seca, si ya queda hidratada con la mezcla no ser\u00e1 necesario.<\/li>\n<\/ol>\n<p>&nbsp;<\/p>\n<h3><strong>\u2757<\/strong><strong> Precauciones importantes<\/strong><\/h3>\n<ul>\n<li>No uses aceites esenciales c\u00edtricos durante el d\u00eda.<\/li>\n<li>Haz siempre una <strong>prueba de sensibilidad<\/strong> antes de aplicar nuevos productos.<\/li>\n<li>S\u00e9 constante: los resultados naturales requieren tiempo, pero son duraderos.<\/li>\n<\/ul>\n<h3><strong>\u2705<\/strong><strong> \u00bfList@ para devolverle la luz a tu piel?<\/strong><\/h3>\n<p>En <strong>Essenciales<\/strong> encontrar\u00e1s <strong>aceites esenciales 100% puros y aceites vegetales de calidad<\/strong> para crear tu propia rutina.<br \/>\n\ud83d\udc49 <a href=\"https:\/\/www.essenciales.com\/\">Descubre nuestros aceites aqu\u00ed<\/a><\/p>\n<h2 style=\"text-align: center;\"><strong>\u2665Te leo en comentarios\u2665<\/strong><\/h2>\n<p>&nbsp;<\/p>\n \n\t\t\t\n\t\t\t\t<\/div><!--end post-content-->\n\t\n<\/article><!-- #post -->\n<article id=\"post-2329\" class=\"post post-masonry post-2329 type-post status-publish format-standard has-post-thumbnail hentry category-aceites category-otono category-preparados category-remedios-naturales\">\n\n\t\t\t\t\t<div class=\"post-thumbnail\">\n\t\t\t\t\t<a href=\"https:\/\/www.essenciales.com\/blog\/halloween-y-dia-de-todos-los-santos-rituales-aromas-y-tradiciones-para-celebrar-con-magia\/\">\n\t\t\t\t\t\t<span class=\"item-on-hover\"><span class=\"hover-link\"><i class=\"fa fa-external-link\"><\/i><\/span><\/span>\n\t\t\t\t\t\t<img width=\"780\" height=\"289\" src=\"https:\/\/www.essenciales.com\/blog\/wp-content\/uploads\/Halloween-y-Dia-de-Todos-los-Santos-780x289.png\" class=\"attachment-blog-thumb size-blog-thumb wp-post-image\" alt=\"\" decoding=\"async\" loading=\"lazy\" srcset=\"https:\/\/www.essenciales.com\/blog\/wp-content\/uploads\/Halloween-y-Dia-de-Todos-los-Santos-780x289.png 780w, https:\/\/www.essenciales.com\/blog\/wp-content\/uploads\/Halloween-y-Dia-de-Todos-los-Santos-300x111.png 300w, https:\/\/www.essenciales.com\/blog\/wp-content\/uploads\/Halloween-y-Dia-de-Todos-los-Santos.png 851w\" sizes=\"(max-width: 780px) 100vw, 780px\" \/>\t\t\t\t\t<\/a>\n\t\t\t\t<\/div><!--end post-thumbnail-->\t\t\n\t\t\t\t\n\t<div class=\"post-content\">\n\t\t\n\t\t\t\t\t\t<h3 class=\"masonry-title entry-title\">\n\t\t\t\t<a href=\"https:\/\/www.essenciales.com\/blog\/halloween-y-dia-de-todos-los-santos-rituales-aromas-y-tradiciones-para-celebrar-con-magia\/\" rel=\"bookmark\" title=\"Permanent Link to Halloween y D\u00eda de Todos los Santos: rituales, aromas y tradiciones para celebrar con magia\">Halloween y D\u00eda de Todos los Santos: rituales, aromas y tradiciones para celebrar con magia<\/a>\n\t\t\t<\/h3>\n\t\t\t\t\t\t\n\t\t<span class=\"post-meta\">\n\t\t<i class=\"for-sticky fa fa-exclamation\"><\/i><i class=\"fa fa-pencil\"><\/i>\n\t\t<em class=\"post_date date updated\">29 octubre, 2025<\/em>\t\t<\/span>\t\t\t\n\t\t<div class=\"clear\"><\/div>\n\t\n\t\t<h2 style=\"text-align: center;\">Halloween y el D\u00eda de Todos los Santos son momentos llenos de magia y tradici\u00f3n. Te proponemos rituales relajantes, aromas especiales y formas naturales de conectar con esta \u00e9poca del a\u00f1o.<\/h2>\n<p>Bienvenidos al blog de Essenciales. El oto\u00f1o avanza y con \u00e9l llegan dos fechas muy especiales: <strong>Halloween<\/strong> (31 de octubre) y el <strong>D\u00eda de Todos los Santos<\/strong> (1 de noviembre). Aunque cada una tiene su origen y significado, ambas comparten algo en com\u00fan: son momentos para <strong>conectar con lo simb\u00f3lico, la memoria y los rituales que nos llenan de calma y magia<\/strong>.<\/p>\n<p>\u00bfQuieres celebrarlas de una manera diferente, m\u00e1s consciente y natural? Hoy te traemos <strong>ideas para decorar, aromatizar tu hogar y crear rituales oto\u00f1ales que te ayudar\u00e1n a relajarte y disfrutar al m\u00e1ximo de estas fechas<\/strong>.<\/p>\n<h3><strong>\ud83c\udf83<\/strong><strong> Halloween: aromas y rituales para disfrutarlo en casa<\/strong><\/h3>\n<p>Halloween es la noche m\u00e1s m\u00e1gica del a\u00f1o, asociada a los cambios, la luz tenue y la conexi\u00f3n con el misterio. Si quieres crear un ambiente acogedor y festivo, aqu\u00ed tienes algunas ideas:<\/p>\n<h3><strong>\u2705<\/strong><strong> Aromas para ambientar Halloween<\/strong><\/h3>\n<p>Los aceites esenciales son perfectos para dar calidez y misterio a tu hogar:<\/p>\n<ul>\n<li><strong><a href=\"https:\/\/www.essenciales.com\/aceites-esenciales\/canela-hojas-aceite-esencial.html\">Canela<\/a> + <a href=\"https:\/\/www.essenciales.com\/aceites-esenciales\/aceite-esencial-naranja.html\">Naranja dulce<\/a><\/strong>: Aroma c\u00e1lido y especiado, ideal para acompa\u00f1ar una velada con amigos.<\/li>\n<li><strong><a href=\"https:\/\/www.essenciales.com\/aceites-esenciales\/aceite-esencial-clavo.html\">Clavo<\/a> + <a href=\"https:\/\/www.essenciales.com\/aromas\/aroma-vainilla.html\">Vainilla<\/a><\/strong>: Toque dulce y reconfortante que recuerda a los postres oto\u00f1ales.<\/li>\n<\/ul>\n<p>\ud83d\udca1 <em>C\u00f3mo usarlos<\/em>: A\u00f1ade unas gotas en tu <a href=\"https:\/\/www.essenciales.com\/difusores-aceites-esenciales\/\"><strong>difusor<\/strong><\/a> o prepara un <a href=\"https:\/\/www.essenciales.com\/envases-accesorios\/botella-airless-spray-30-ml.html\"><strong>spray casero<\/strong><\/a> con agua, 15 gotas de aceites esenciales y un poco de alcohol de cereal, recuerda agitar el spray antes de cada uso.<\/p>\n<h3><strong>\u2705<\/strong><strong> Decoraci\u00f3n natural para Halloween<\/strong><\/h3>\n<p>Olv\u00eddate del pl\u00e1stico. Opta por <strong>calabazas naturales<\/strong>, ramas secas, hojas oto\u00f1ales y velas de soja con aceites esenciales para un toque sostenible y elegante.<\/p>\n<h3><strong>\ud83c\udf38<\/strong><strong> D\u00eda de Todos los Santos: un momento para la calma y la memoria<\/strong><\/h3>\n<p>El D\u00eda de Todos los Santos nos invita a la <strong>introspecci\u00f3n y la conexi\u00f3n con nuestras ra\u00edces<\/strong>. Es perfecto para <strong>crear espacios de paz y recogimiento en casa<\/strong>.<\/p>\n<h3><strong>\u2705<\/strong><strong> Ritual de calma con aromas florales<\/strong><\/h3>\n<p>Para esta fecha, apuesta por <strong>fragancias suaves y reconfortantes<\/strong>:<\/p>\n<ul>\n<li><strong><a href=\"https:\/\/www.essenciales.com\/aceites-esenciales\/aceite-esencial-lavanda.html\">Lavanda<\/a> + <a href=\"https:\/\/www.essenciales.com\/aceites-esenciales\/aceite-esencial-incienso.html\">Incienso<\/a><\/strong>: Favorecen la meditaci\u00f3n y el equilibrio emocional.<\/li>\n<li><strong><a href=\"https:\/\/www.essenciales.com\/aceites-esenciales\/aceite-esencial-azahar-neroli.html\">Azahar<\/a> + <a href=\"https:\/\/www.essenciales.com\/aceites-esenciales\/aceite-esencial-sandalo-blanco.html\">S\u00e1ndalo<\/a><\/strong>: Aromas que calman la mente y ayudan a crear un ambiente sereno.<\/li>\n<\/ul>\n<p>\ud83d\udca1 <em>Tip Essenciales<\/em>: Prepara una <strong><a href=\"https:\/\/www.essenciales.com\/blog\/?s=velas\">vela casera<\/a> con aceites esenciales<\/strong> para encender durante el d\u00eda. Su luz y aroma ayudar\u00e1n a crear un momento especial.<\/p>\n<h3><strong>\u00bfC\u00f3mo lidiar con el duelo?<\/strong><\/h3>\n<p>El duelo es un proceso profundamente humano que nos invita a transitar emociones intensas como la tristeza, la nostalgia o incluso la ira. Durante estos momentos, rodearnos de <strong>aromas reconfortantes<\/strong> puede convertirse en un peque\u00f1o refugio que aporte calma y serenidad. Una <strong>sinergia de aromaterapia<\/strong> ideal para acompa\u00f1ar el duelo es la siguiente:<\/p>\n<h4><strong>Mezcla \u201cAbrazo Calmante\u201d<\/strong><\/h4>\n<ul>\n<li>3 gotas de <strong>Aceite Esencial de <a href=\"https:\/\/www.essenciales.com\/aceites-esenciales\/aceite-esencial-lavanda.html\">Lavanda<\/a><\/strong> (relajante y equilibrante)<\/li>\n<li>2 gotas de <strong>Aceite Esencial de <a href=\"https:\/\/www.essenciales.com\/aceites-esenciales\/aceite-esencial-incienso.html\">Incienso<\/a><\/strong> (aporta paz interior y conexi\u00f3n espiritual)<\/li>\n<li>1 gota de <strong>Aceite Esencial de <a href=\"https:\/\/www.essenciales.com\/aceites-esenciales\/aceite-esencial-bergamota-extra.html\">Bergamota<\/a><\/strong> (eleva el \u00e1nimo suavemente)<\/li>\n<\/ul>\n<p>\ud83d\udca1 <em>C\u00f3mo usarla<\/em>: A\u00f1ade la mezcla en un difusor con agua y deja que el aroma envuelva el espacio durante 20-30 minutos, preferiblemente en un momento tranquilo. Si prefieres algo m\u00e1s personal, diluye las mismas proporciones en 10 ml de aceite vegetal (como jojoba) y \u00fasala para masajear mu\u00f1ecas y sienes.<\/p>\n<p>&nbsp;<\/p>\n<h3><strong>\ud83d\udd6f<\/strong><strong>\ufe0f DIY:<a href=\"https:\/\/www.essenciales.com\/blog\/?s=velas\"> Vela caser<\/a>a para Halloween o Todos los Santos<\/strong><\/h3>\n<h4><strong>Ingredientes:<\/strong><\/h4>\n<ul>\n<li>200 g de <a href=\"https:\/\/www.essenciales.com\/ingredientes-naturales\/cera-soja-bps.html\">cera de soja<\/a><\/li>\n<li>20-30 gotas de aceites esenciales (elige tu mezcla favorita)<\/li>\n<li><a href=\"https:\/\/www.essenciales.com\/velas-aromaticas\/mecha-de-algodon-para-velas.html\">Mecha de algod\u00f3n<\/a><\/li>\n<li><a href=\"https:\/\/www.essenciales.com\/envases-accesorios\/frasco-crema-vidrio-ambar-100-ml.html\">Tarro\u00a0<\/a><\/li>\n<\/ul>\n<h4><strong>Preparaci\u00f3n:<\/strong><\/h4>\n<ol>\n<li>Derrite la cera al ba\u00f1o mar\u00eda.<\/li>\n<li>A\u00f1ade los aceites esenciales cuando est\u00e9 templada.<\/li>\n<li>Coloca la mecha y vierte la mezcla en el tarro.<\/li>\n<li>Deja enfriar y \u00a1listo!<\/li>\n<\/ol>\n<h3><strong> Celebra con esencia natural<\/strong><\/h3>\n<p>Halloween y Todos los Santos son oportunidades para <strong>disfrutar de lo simple, lo natural y lo aut\u00e9ntico<\/strong>. En <strong>Essenciales<\/strong> encontrar\u00e1s todo lo que necesitas para crear ambientes \u00fanicos: <strong>aceites esenciales, velas naturales y mezclas relajantes<\/strong>.<\/p>\n<p>\ud83d\udc49 <a href=\"https:\/\/www.essenciales.com\/\">Descubre nuestra colecci\u00f3n aqu\u00ed<\/a><\/p>\n<p>&nbsp;<\/p>\n<h2 style=\"text-align: center;\">\u2665 Te leo como siempre en comentarios \u2665<\/h2>\n \n\t\t\t\n\t\t\t\t<\/div><!--end post-content-->\n\t\n<\/article><!-- #post --><\/section><\/div>[\/vc_column_inner][\/vc_row_inner][\/vc_column][\/vc_row][vc_row video_raster=\u00bbyes\u00bb dt_text_scheme=\u00bbdarker-overlay\u00bb dt_no_mb=\u00bbno-margin\u00bb bg_color=\u00bb#000000&#8243; dt_color_opacity=\u00bb70&#8243; dt_padding_top=\u00bb100&#8243; dt_padding_bottom=\u00bb100&#8243; dt_youtube_url=\u00bbhttps:\/\/youtu.be\/NC36JDerb_c\u00bb dt_id=\u00bbtwitter\u00bb bg_image=\u00bb269&#8243;][vc_column][vc_row_inner][vc_column_inner]<div class=\"dt-title-wrapper\"><h1 class=\"section-title\">Essenciales en YouTube<\/h1><\/div><div style=\"clear:both; width:100%; height:60px\"><\/div>[\/vc_column_inner][\/vc_row_inner][vc_row_inner][vc_column_inner][vc_column_text]<\/p>\n<p style=\"text-align: center;\">Visita <a href=\"https:\/\/www.youtube.com\/channel\/UCaj5nbwMpH__VMpjDXtdviA\" target=\"_blank\" rel=\"noopener noreferrer\">nuestro canal en Youtube<\/a> y disfruta de todos nuestros videos formativos, manuales y presentaciones de productos.<\/p>\n<p style=\"text-align: center;\">\u00a1No olvides suscribirte!<\/p>\n<p>[\/vc_column_text][\/vc_column_inner][\/vc_row_inner][\/vc_column][\/vc_row][vc_row dt_no_mb=\u00bbno-margin\u00bb bg_color=\u00bb#ffffff\u00bb dt_color_opacity=\u00bb100&#8243; dt_padding_top=\u00bb100&#8243; dt_padding_bottom=\u00bb100&#8243;][vc_column][vc_row_inner][vc_column_inner]<div class=\"dt-title-wrapper\"><h1 class=\"section-title\">Testimonios<\/h1><\/div><div style=\"clear:both; width:100%; height:60px\"><\/div>[\/vc_column_inner][\/vc_row_inner][vc_row_inner][vc_column_inner]<div class=\"testimonials-carousel\"><div id=\"owl-testimonials-acc\" class=\"owl-carousel testimonials-slider\" data-token=\"EktkD\"><div class=\"testimonial-item\"><p>\"Producto de excelente calidad con un servicio impecable. As\u00ed da gusto dar confianza a nuestros clientes \u201d<\/p><p><span class=\"testimonial-name\">Leia Park<\/span><em>,<\/em> <span class=\"testimonial-position\">Sal\u00f3n de Belleza Park &amp; Co.<\/span><\/p><\/div><div class=\"testimonial-item\"><p>\"Siempre busco lo natural, y aqu\u00ed he encontrado aut\u00e9nticos aceites bio.\"<\/p><p><span class=\"testimonial-name\">Helena Garcia<\/span><em>,<\/em> <span class=\"testimonial-position\">Particular<\/span><\/p><\/div><div class=\"testimonial-item\"><p>\u201cLa experiencia con Essenciales ha sido exquisita. Estamos encantados de trabajar con vosotros.\u201d<\/p><p><span class=\"testimonial-name\">D.F.<\/span><em>,<\/em> <span class=\"testimonial-position\">Gerente de Vap Fip<\/span><\/p><\/div><\/div><\/div>[\/vc_column_inner][\/vc_row_inner][\/vc_column][\/vc_row][vc_row dt_text_scheme=\u00bbdarker-overlay\u00bb dt_no_mb=\u00bbno-margin\u00bb bg_image=\u00bb320&#8243; bg_color=\u00bb#000000&#8243; dt_color_opacity=\u00bb70&#8243; dt_padding_top=\u00bb100&#8243; dt_padding_bottom=\u00bb100&#8243; dt_id=\u00bbcontact\u00bb][vc_column][vc_row_inner][vc_column_inner]<div class=\"dt-title-wrapper\"><h1 class=\"section-title\">Contacta con nosotros<\/h1><\/div><h2 class=\"section-tagline\">Queremos trabajar contigo<\/h2><div style=\"clear:both; width:100%; height:60px\"><\/div>[\/vc_column_inner][\/vc_row_inner][vc_row_inner][vc_column_inner width=\u00bb1\/2&#8243;][vc_column_text]<\/p>\n<h3>Informaci\u00f3n de contacto<\/h3>\n<ul class=\"contact-info\">\n<li>Vilassar de Dalt, BARCELONA<\/li>\n<li><i class=\"fa fa-phone\"><\/i>+34 930.328.029<\/li>\n<li><i class=\"fa fa-envelope\"><\/i><a href=\"mailto:\">soporte@essenciales.com<\/a><\/li>\n<li><a href=\"#\">www.essenciales.com<\/a><\/li>\n<\/ul>\n<p>[\/vc_column_text][\/vc_column_inner][vc_column_inner width=\u00bb1\/2&#8243;]<div role=\"form\" class=\"wpcf7\" id=\"wpcf7-f69-o1\" lang=\"en-US\" dir=\"ltr\">\n<div class=\"screen-reader-response\"><p role=\"status\" aria-live=\"polite\" aria-atomic=\"true\"><\/p> <ul><\/ul><\/div>\n<form action=\"\/blog\/wp-json\/wp\/v2\/pages\/82#wpcf7-f69-o1\" method=\"post\" class=\"wpcf7-form init\" novalidate=\"novalidate\" data-status=\"init\">\n<div style=\"display: none;\">\n<input type=\"hidden\" name=\"_wpcf7\" value=\"69\" \/>\n<input type=\"hidden\" name=\"_wpcf7_version\" value=\"5.6.4\" \/>\n<input type=\"hidden\" name=\"_wpcf7_locale\" value=\"en_US\" \/>\n<input type=\"hidden\" name=\"_wpcf7_unit_tag\" value=\"wpcf7-f69-o1\" \/>\n<input type=\"hidden\" name=\"_wpcf7_container_post\" value=\"0\" \/>\n<input type=\"hidden\" name=\"_wpcf7_posted_data_hash\" value=\"\" \/>\n<\/div>\n<div class=\"percent-one-half\"> <br \/>\n<span class=\"wpcf7-form-control-wrap\" data-name=\"your-name\"><input type=\"text\" name=\"your-name\" value=\"\" size=\"40\" class=\"wpcf7-form-control wpcf7-text wpcf7-validates-as-required\" aria-required=\"true\" aria-invalid=\"false\" placeholder=\"Nombre\" \/><\/span><br \/>\n<\/div><br \/>\n<div class=\"percent-one-half column-last\"> <br \/>\n<span class=\"wpcf7-form-control-wrap\" data-name=\"your-email\"><input type=\"email\" name=\"your-email\" value=\"\" size=\"40\" class=\"wpcf7-form-control wpcf7-text wpcf7-email wpcf7-validates-as-required wpcf7-validates-as-email\" aria-required=\"true\" aria-invalid=\"false\" placeholder=\"Email\" \/><\/span><br \/>\n<\/div><br \/>\n<span class=\"wpcf7-form-control-wrap\" data-name=\"your-message\"><textarea name=\"your-message\" cols=\"40\" rows=\"10\" class=\"wpcf7-form-control wpcf7-textarea wpcf7-validates-as-required\" aria-required=\"true\" aria-invalid=\"false\" placeholder=\"Mensaje\"><\/textarea><\/span><br \/>\n<input type=\"submit\" value=\"Enviar\" class=\"wpcf7-form-control has-spinner wpcf7-submit button black\" \/><\/p>\n<p style=\"display: none !important;\"><label>&#916;<textarea name=\"_wpcf7_ak_hp_textarea\" cols=\"45\" rows=\"8\" maxlength=\"100\"><\/textarea><\/label><input type=\"hidden\" id=\"ak_js_1\" name=\"_wpcf7_ak_js\" value=\"212\"\/><script>document.getElementById( \"ak_js_1\" ).setAttribute( \"value\", ( new Date() ).getTime() );<\/script><\/p><div class=\"wpcf7-response-output\" aria-hidden=\"true\"><\/div><\/form><\/div>[\/vc_column_inner][\/vc_row_inner][\/vc_column][\/vc_row][vc_row dt_no_mb=\u00bbno-margin\u00bb bg_color=\u00bb#ffffff\u00bb][vc_column]<div class=\"map-wrapper\" id=\"delicious_map_ebb\" data-token=\"cQeHu\"><a class=\"button-map close-map\"><span>Localizaci\u00f3n en Maps<\/span><\/a><div id=\"google_map_ebb\"><\/div><\/div>[\/vc_column][\/vc_row]<\/p>\n","protected":false},"excerpt":{"rendered":"<p>[vc_row dt_no_mb=\u00bbno-margin\u00bb bg_color=\u00bb#ffffff\u00bb dt_id=\u00bbhello\u00bb][vc_column][rev_slider_vc alias=\u00bbfullscreen-image-slider\u00bb][\/vc_column][\/vc_row][vc_row dt_no_mb=\u00bbno-margin\u00bb bg_color=\u00bb#fafafa\u00bb dt_padding_top=\u00bb100&#8243; dt_padding_bottom=\u00bb100&#8243; dt_id=\u00bbabout\u00bb bg_image=\u00bb303&#8243; dt_color_opacity=\u00bb80&#8243;][vc_column][vc_row_inner][vc_column_inner][\/vc_column_inner][\/vc_row_inner][vc_row_inner][vc_column_inner width=\u00bb1\/3&#8243; css_animation=\u00bbbottom-to-top\u00bb][vc_column_text] ACEITES Y ESENCIAS NATURALES En Essenciales ponemos a tu disposici\u00f3n los&#8230;<\/p>\n<p class=\"readmore\"><a class=\"more-btn\" href=\"https:\/\/www.essenciales.com\/blog\/testimonials\/vap-fip\/\">Leer m\u00e1s<\/a><\/p>\n","protected":false},"author":1,"featured_media":0,"parent":0,"menu_order":0,"comment_status":"open","ping_status":"open","template":"template-homepage.php","meta":[],"yoast_head":"<!-- This site is optimized with the Yoast SEO plugin v19.10 - https:\/\/yoast.com\/wordpress\/plugins\/seo\/ -->\n<title>Sobre Nosotros | Essenciales.com<\/title>\n<meta name=\"description\" content=\"Descubre qu\u00e9 y quien hay detr\u00e1s de este proyecto, conocer nuestra filosof\u00eda , y conocer opioniones de nuestros clientes.\" \/>\n<meta name=\"robots\" content=\"index, follow, max-snippet:-1, max-image-preview:large, max-video-preview:-1\" \/>\n<link rel=\"canonical\" href=\"https:\/\/www.essenciales.com\/blog\/empresa\/\" \/>\n<meta property=\"og:locale\" content=\"es_ES\" \/>\n<meta property=\"og:type\" content=\"article\" \/>\n<meta property=\"og:title\" content=\"Sobre Nosotros | Essenciales.com\" \/>\n<meta property=\"og:description\" content=\"Descubre qu\u00e9 y quien hay detr\u00e1s de este proyecto, conocer nuestra filosof\u00eda , y conocer opioniones de nuestros clientes.\" \/>\n<meta property=\"og:url\" content=\"https:\/\/www.essenciales.com\/blog\/empresa\/\" \/>\n<meta property=\"og:site_name\" content=\"Blog de ESSENCIALES\" \/>\n<meta property=\"article:modified_time\" content=\"2023-09-18T15:12:10+00:00\" \/>\n<meta name=\"twitter:card\" content=\"summary_large_image\" \/>\n<meta name=\"twitter:label1\" content=\"Tiempo de lectura\" \/>\n\t<meta name=\"twitter:data1\" content=\"2 minutos\" \/>\n<script type=\"application\/ld+json\" class=\"yoast-schema-graph\">{\"@context\":\"https:\/\/schema.org\",\"@graph\":[{\"@type\":\"WebPage\",\"@id\":\"https:\/\/www.essenciales.com\/blog\/empresa\/\",\"url\":\"https:\/\/www.essenciales.com\/blog\/empresa\/\",\"name\":\"Sobre Nosotros | Essenciales.com\",\"isPartOf\":{\"@id\":\"https:\/\/www.essenciales.com\/blog\/#website\"},\"datePublished\":\"2014-03-06T13:59:56+00:00\",\"dateModified\":\"2023-09-18T15:12:10+00:00\",\"description\":\"Descubre qu\u00e9 y quien hay detr\u00e1s de este proyecto, conocer nuestra filosof\u00eda , y conocer opioniones de nuestros clientes.\",\"breadcrumb\":{\"@id\":\"https:\/\/www.essenciales.com\/blog\/empresa\/#breadcrumb\"},\"inLanguage\":\"es\",\"potentialAction\":[{\"@type\":\"ReadAction\",\"target\":[\"https:\/\/www.essenciales.com\/blog\/empresa\/\"]}]},{\"@type\":\"BreadcrumbList\",\"@id\":\"https:\/\/www.essenciales.com\/blog\/empresa\/#breadcrumb\",\"itemListElement\":[{\"@type\":\"ListItem\",\"position\":1,\"name\":\"Portada\",\"item\":\"https:\/\/www.essenciales.com\/blog\/\"},{\"@type\":\"ListItem\",\"position\":2,\"name\":\"Sobre Nosotros\"}]},{\"@type\":\"WebSite\",\"@id\":\"https:\/\/www.essenciales.com\/blog\/#website\",\"url\":\"https:\/\/www.essenciales.com\/blog\/\",\"name\":\"Blog de ESSENCIALES\",\"description\":\"Conoce todas las propiedades de los aceites esenciales y vegetales, as\u00ed como sus usos y remedios naturales\",\"potentialAction\":[{\"@type\":\"SearchAction\",\"target\":{\"@type\":\"EntryPoint\",\"urlTemplate\":\"https:\/\/www.essenciales.com\/blog\/?s={search_term_string}\"},\"query-input\":\"required name=search_term_string\"}],\"inLanguage\":\"es\"}]}<\/script>\n<!-- \/ Yoast SEO plugin. -->","yoast_head_json":{"title":"Sobre Nosotros | Essenciales.com","description":"Descubre qu\u00e9 y quien hay detr\u00e1s de este proyecto, conocer nuestra filosof\u00eda , y conocer opioniones de nuestros clientes.","robots":{"index":"index","follow":"follow","max-snippet":"max-snippet:-1","max-image-preview":"max-image-preview:large","max-video-preview":"max-video-preview:-1"},"canonical":"https:\/\/www.essenciales.com\/blog\/empresa\/","og_locale":"es_ES","og_type":"article","og_title":"Sobre Nosotros | Essenciales.com","og_description":"Descubre qu\u00e9 y quien hay detr\u00e1s de este proyecto, conocer nuestra filosof\u00eda , y conocer opioniones de nuestros clientes.","og_url":"https:\/\/www.essenciales.com\/blog\/empresa\/","og_site_name":"Blog de ESSENCIALES","article_modified_time":"2023-09-18T15:12:10+00:00","twitter_card":"summary_large_image","twitter_misc":{"Tiempo de lectura":"2 minutos"},"schema":{"@context":"https:\/\/schema.org","@graph":[{"@type":"WebPage","@id":"https:\/\/www.essenciales.com\/blog\/empresa\/","url":"https:\/\/www.essenciales.com\/blog\/empresa\/","name":"Sobre Nosotros | Essenciales.com","isPartOf":{"@id":"https:\/\/www.essenciales.com\/blog\/#website"},"datePublished":"2014-03-06T13:59:56+00:00","dateModified":"2023-09-18T15:12:10+00:00","description":"Descubre qu\u00e9 y quien hay detr\u00e1s de este proyecto, conocer nuestra filosof\u00eda , y conocer opioniones de nuestros clientes.","breadcrumb":{"@id":"https:\/\/www.essenciales.com\/blog\/empresa\/#breadcrumb"},"inLanguage":"es","potentialAction":[{"@type":"ReadAction","target":["https:\/\/www.essenciales.com\/blog\/empresa\/"]}]},{"@type":"BreadcrumbList","@id":"https:\/\/www.essenciales.com\/blog\/empresa\/#breadcrumb","itemListElement":[{"@type":"ListItem","position":1,"name":"Portada","item":"https:\/\/www.essenciales.com\/blog\/"},{"@type":"ListItem","position":2,"name":"Sobre Nosotros"}]},{"@type":"WebSite","@id":"https:\/\/www.essenciales.com\/blog\/#website","url":"https:\/\/www.essenciales.com\/blog\/","name":"Blog de ESSENCIALES","description":"Conoce todas las propiedades de los aceites esenciales y vegetales, as\u00ed como sus usos y remedios naturales","potentialAction":[{"@type":"SearchAction","target":{"@type":"EntryPoint","urlTemplate":"https:\/\/www.essenciales.com\/blog\/?s={search_term_string}"},"query-input":"required name=search_term_string"}],"inLanguage":"es"}]}},"_links":{"self":[{"href":"https:\/\/www.essenciales.com\/blog\/wp-json\/wp\/v2\/pages\/82"}],"collection":[{"href":"https:\/\/www.essenciales.com\/blog\/wp-json\/wp\/v2\/pages"}],"about":[{"href":"https:\/\/www.essenciales.com\/blog\/wp-json\/wp\/v2\/types\/page"}],"author":[{"embeddable":true,"href":"https:\/\/www.essenciales.com\/blog\/wp-json\/wp\/v2\/users\/1"}],"replies":[{"embeddable":true,"href":"https:\/\/www.essenciales.com\/blog\/wp-json\/wp\/v2\/comments?post=82"}],"version-history":[{"count":93,"href":"https:\/\/www.essenciales.com\/blog\/wp-json\/wp\/v2\/pages\/82\/revisions"}],"predecessor-version":[{"id":2049,"href":"https:\/\/www.essenciales.com\/blog\/wp-json\/wp\/v2\/pages\/82\/revisions\/2049"}],"wp:attachment":[{"href":"https:\/\/www.essenciales.com\/blog\/wp-json\/wp\/v2\/media?parent=82"}],"curies":[{"name":"wp","href":"https:\/\/api.w.org\/{rel}","templated":true}]}}